{"id":953,"date":"2014-02-13T10:12:30","date_gmt":"2014-02-13T08:12:30","guid":{"rendered":"http:\/\/www.yogaimhof.de\/blog\/?page_id=953"},"modified":"2026-04-01T20:59:56","modified_gmt":"2026-04-01T19:59:56","slug":"uber-uns","status":"publish","type":"page","link":"https:\/\/www.yogaimhof.de\/?page_id=953","title":{"rendered":"Lehrer:innen bei Yoga im Hof"},"content":{"rendered":"\n<hr class=\"wp-block-separator has-alpha-channel-opacity is-style-dots\"\/>\n\n\n\n<h1 class=\"wp-block-heading alignwide has-contrast-color has-text-color has-large-font-size\">Gabi Theinert<\/h1>\n\n\n\n<div class=\"wp-block-media-text alignwide is-stacked-on-mobile\" style=\"grid-template-columns:32% auto\"><figure class=\"wp-block-media-text__media\"><img loading=\"lazy\" decoding=\"async\" width=\"1024\" height=\"768\" src=\"https:\/\/www.yogaimhof.de\/wp-content\/uploads\/2022\/11\/IMG_5629-scaled-1024x768.jpeg\" alt=\"\" class=\"wp-image-4247 size-full\" srcset=\"https:\/\/www.yogaimhof.de\/wp-content\/uploads\/2022\/11\/IMG_5629-scaled-1024x768.jpeg 1024w, https:\/\/www.yogaimhof.de\/wp-content\/uploads\/2022\/11\/IMG_5629-scaled-300x225.jpeg 300w, https:\/\/www.yogaimhof.de\/wp-content\/uploads\/2022\/11\/IMG_5629-scaled-768x576.jpeg 768w, https:\/\/www.yogaimhof.de\/wp-content\/uploads\/2022\/11\/IMG_5629-scaled-1536x1152.jpeg 1536w, https:\/\/www.yogaimhof.de\/wp-content\/uploads\/2022\/11\/IMG_5629-scaled-2048x1536.jpeg 2048w\" sizes=\"auto, (max-width: 1024px) 100vw, 1024px\" \/><\/figure><div class=\"wp-block-media-text__content\">\n<p>Ohne Yogaerfahrung, ohne Interesse zu Unterrichten habe ich 1998 eine Yogalehrerausbildung bei Yoga Vidya begonnen und diese rechtzeitig zur Er\u00f6ffnung von Yoga im Hof im Jahr 2005 abgeschlossen, wo ich von der ersten Stunde an unterrichte. <a href=\"https:\/\/www.yogaimhof.de\/?page_id=5253\">Weiter lesen&#8230;<\/a><\/p>\n<\/div><\/div>\n\n\n\n<hr class=\"wp-block-separator has-alpha-channel-opacity is-style-dots\"\/>\n\n\n\n<h2 class=\"wp-block-heading alignwide has-text-align-left has-contrast-color has-text-color has-large-font-size\">Andrea Fink<\/h2>\n\n\n\n<div class=\"wp-block-media-text alignwide has-media-on-the-right is-stacked-on-mobile\" style=\"grid-template-columns:auto 32%\"><div class=\"wp-block-media-text__content\">\n<p>W\u00e4hrend meines Studiums hat mich ein Freund zu seinem Yogakurs mitgenommen.  <a href=\"https:\/\/www.yogaimhof.de\/?page_id=5330\">Weiter lesen&#8230;<\/a><\/p>\n<\/div><figure class=\"wp-block-media-text__media\"><img loading=\"lazy\" decoding=\"async\" width=\"1024\" height=\"683\" src=\"https:\/\/www.yogaimhof.de\/wp-content\/uploads\/2022\/03\/30-3876-post\/IMG_1812-1024x683.jpg\" alt=\"\" class=\"wp-image-3877 size-full\" srcset=\"https:\/\/www.yogaimhof.de\/wp-content\/uploads\/2022\/03\/30-3876-post\/IMG_1812-1024x683.jpg 1024w, https:\/\/www.yogaimhof.de\/wp-content\/uploads\/2022\/03\/30-3876-post\/IMG_1812-300x200.jpg 300w, https:\/\/www.yogaimhof.de\/wp-content\/uploads\/2022\/03\/30-3876-post\/IMG_1812-768x512.jpg 768w, https:\/\/www.yogaimhof.de\/wp-content\/uploads\/2022\/03\/30-3876-post\/IMG_1812-1536x1024.jpg 1536w, https:\/\/www.yogaimhof.de\/wp-content\/uploads\/2022\/03\/30-3876-post\/IMG_1812-2048x1365.jpg 2048w, https:\/\/www.yogaimhof.de\/wp-content\/uploads\/2022\/03\/30-3876-post\/IMG_1812-1024x683-290x193.jpg 290w, https:\/\/www.yogaimhof.de\/wp-content\/uploads\/2022\/03\/30-3876-post\/IMG_1812-1024x683-580x386.jpg 580w\" sizes=\"auto, (max-width: 1024px) 100vw, 1024px\" \/><\/figure><\/div>\n\n\n\n<hr class=\"wp-block-separator has-alpha-channel-opacity is-style-dots\"\/>\n\n\n\n<h2 class=\"wp-block-heading alignwide has-contrast-color has-text-color has-large-font-size\">Lena Kroll<\/h2>\n\n\n\n<div class=\"wp-block-media-text alignwide is-stacked-on-mobile\" style=\"grid-template-columns:32% auto\"><figure class=\"wp-block-media-text__media\"><img loading=\"lazy\" decoding=\"async\" width=\"200\" height=\"150\" src=\"https:\/\/www.yogaimhof.de\/wp-content\/uploads\/2014\/02\/21-953-page\/Ausschnitt-Lena-kleiner-2.jpg\" alt=\"\" class=\"wp-image-4069 size-full\"\/><\/figure><div class=\"wp-block-media-text__content\">\n<p>Als begeisterte Sportlerin reizte mich an Yoga anfangs vor allem der k\u00f6rperlich anspruchsvolle Aspekt der Kraft- und Flexibilit\u00e4tsschulung durch die Asanas (K\u00f6rper\u00fcbungen). <a href=\"https:\/\/www.yogaimhof.de\/?page_id=5114\">Weiter lesen&#8230;<\/a><\/p>\n<\/div><\/div>\n\n\n\n<hr class=\"wp-block-separator has-alpha-channel-opacity is-style-dots\"\/>\n\n\n\n<h2 class=\"wp-block-heading alignwide has-contrast-color has-text-color has-large-font-size\">Christopher Raabe<\/h2>\n\n\n\n<div class=\"wp-block-media-text alignwide has-media-on-the-right is-stacked-on-mobile\" style=\"grid-template-columns:auto 32%\"><div class=\"wp-block-media-text__content\">\n<p>Ich habe mich schon immer viel bewegt: Leichtathletik, Schwimmen, Tennis. Ich kam ganz zuf\u00e4llig zum Yoga und war &nbsp;&#8211; ganz Sportler &#8211; zun\u00e4chst nur Fan der k\u00f6rperlichen Effekte: Mehr L\u00e4nge, mehr Bewusstsein f\u00fcr den eigenen K\u00f6rper, gleichm\u00e4\u00dfigere Belastungskurve. <a href=\"https:\/\/www.yogaimhof.de\/?page_id=5110\">Weiter lesen&#8230;<\/a><\/p>\n<\/div><figure class=\"wp-block-media-text__media\"><img loading=\"lazy\" decoding=\"async\" width=\"640\" height=\"480\" src=\"https:\/\/www.yogaimhof.de\/wp-content\/uploads\/2024\/08\/IMG_6205-3.jpeg\" alt=\"\" class=\"wp-image-6339 size-full\" srcset=\"https:\/\/www.yogaimhof.de\/wp-content\/uploads\/2024\/08\/IMG_6205-3.jpeg 640w, https:\/\/www.yogaimhof.de\/wp-content\/uploads\/2024\/08\/IMG_6205-3-300x225.jpeg 300w\" sizes=\"auto, (max-width: 640px) 100vw, 640px\" \/><\/figure><\/div>\n\n\n\n<hr class=\"wp-block-separator has-alpha-channel-opacity is-style-dots\"\/>\n\n\n\n<h2 class=\"wp-block-heading alignwide has-contrast-color has-text-color has-large-font-size\">Katrin Tremmel<\/h2>\n\n\n\n<div class=\"wp-block-media-text alignwide is-stacked-on-mobile\" style=\"grid-template-columns:32% auto\"><figure class=\"wp-block-media-text__media\"><img loading=\"lazy\" decoding=\"async\" width=\"1024\" height=\"768\" src=\"https:\/\/www.yogaimhof.de\/wp-content\/uploads\/2023\/04\/IMG_6138-1024x768.jpg\" alt=\"\" class=\"wp-image-5081 size-full\" srcset=\"https:\/\/www.yogaimhof.de\/wp-content\/uploads\/2023\/04\/IMG_6138-1024x768.jpg 1024w, https:\/\/www.yogaimhof.de\/wp-content\/uploads\/2023\/04\/IMG_6138-300x225.jpg 300w, https:\/\/www.yogaimhof.de\/wp-content\/uploads\/2023\/04\/IMG_6138-768x576.jpg 768w, https:\/\/www.yogaimhof.de\/wp-content\/uploads\/2023\/04\/IMG_6138-1536x1152.jpg 1536w, https:\/\/www.yogaimhof.de\/wp-content\/uploads\/2023\/04\/IMG_6138-2048x1536.jpg 2048w\" sizes=\"auto, (max-width: 1024px) 100vw, 1024px\" \/><\/figure><div class=\"wp-block-media-text__content\">\n<p>Bewegung geh\u00f6rt f\u00fcr mich zum pers\u00f6nlichen Wohlbefinden. Nichts vereint Bewegung und Wohlbefinden wohl so gut wie Yoga. Daher war schnell mein Interesse geweckt, als mir meine Freundin eine Yogalehrerausbildung bei Yoga im Hof empfahl. <a href=\"https:\/\/www.yogaimhof.de\/?page_id=5297\">Weiter lesen&#8230;<\/a><\/p>\n<\/div><\/div>\n\n\n\n<h2 class=\"wp-block-heading alignwide has-contrast-color has-text-color has-large-font-size\"><\/h2>\n\n\n\n<hr class=\"wp-block-separator has-alpha-channel-opacity is-style-dots\"\/>\n\n\n\n<h2 class=\"wp-block-heading alignwide has-contrast-color has-text-color has-large-font-size\">Eva Maria Pohl<\/h2>\n\n\n\n<div class=\"wp-block-media-text alignwide has-media-on-the-right is-stacked-on-mobile\" style=\"grid-template-columns:auto 32%\"><div class=\"wp-block-media-text__content\">\n<p>Nach einigen Jahren eigener Yogapraxis erf\u00fcllte ich mir den Wunsch tiefer in den Yogaweg einzutauchen und begann 2017 meine Ausbildung zur Yogalehrerin bei Yoga im Hof. <a href=\"https:\/\/www.yogaimhof.de\/?page_id=5108\">Weiter lesen&#8230;<\/a><\/p>\n<\/div><figure class=\"wp-block-media-text__media\"><img loading=\"lazy\" decoding=\"async\" width=\"683\" height=\"456\" src=\"https:\/\/www.yogaimhof.de\/wp-content\/uploads\/2022\/11\/14-953-page\/Eva.jpg\" alt=\"\" class=\"wp-image-4220 size-full\" srcset=\"https:\/\/www.yogaimhof.de\/wp-content\/uploads\/2022\/11\/14-953-page\/Eva.jpg 683w, https:\/\/www.yogaimhof.de\/wp-content\/uploads\/2022\/11\/14-953-page\/Eva-300x200.jpg 300w\" sizes=\"auto, (max-width: 683px) 100vw, 683px\" \/><\/figure><\/div>\n\n\n\n<hr class=\"wp-block-separator has-alpha-channel-opacity is-style-dots\"\/>\n\n\n\n<h2 class=\"wp-block-heading alignwide has-contrast-color has-text-color has-large-font-size\">Flora Fink<\/h2>\n\n\n\n<div class=\"wp-block-media-text alignwide is-stacked-on-mobile\" style=\"grid-template-columns:32% auto\"><figure class=\"wp-block-media-text__media\"><img loading=\"lazy\" decoding=\"async\" width=\"800\" height=\"604\" src=\"https:\/\/www.yogaimhof.de\/wp-content\/uploads\/2020\/01\/FLORA.jpeg\" alt=\"\" class=\"wp-image-3578 size-full\" srcset=\"https:\/\/www.yogaimhof.de\/wp-content\/uploads\/2020\/01\/FLORA.jpeg 800w, https:\/\/www.yogaimhof.de\/wp-content\/uploads\/2020\/01\/FLORA-300x227.jpeg 300w, https:\/\/www.yogaimhof.de\/wp-content\/uploads\/2020\/01\/FLORA-768x580.jpeg 768w\" sizes=\"auto, (max-width: 800px) 100vw, 800px\" \/><\/figure><div class=\"wp-block-media-text__content\">\n<p class=\"has-text-align-left\">Ich habe wohl schon immer die Balance zwischen Stille und Bewegung gesucht, liebe es zu lernen und zu lesen, auch das Lehren und Weiterlernen im Austausch mit anderen.<a href=\"https:\/\/www.yogaimhof.de\/?page_id=5535\"> Weiter lesen&#8230;<\/a><\/p>\n<\/div><\/div>\n\n\n\n<hr class=\"wp-block-separator has-alpha-channel-opacity is-style-dots\"\/>\n\n\n\n<h2 class=\"wp-block-heading alignwide has-contrast-color has-text-color has-large-font-size\">Bettina Pfannenstiel<\/h2>\n\n\n\n<div class=\"wp-block-media-text alignwide has-media-on-the-right is-stacked-on-mobile\" style=\"grid-template-columns:auto 23%\"><div class=\"wp-block-media-text__content\">\n<p class=\"has-text-align-left\">Bereits in meinen Teenager-Jahren haben mich alle m\u00f6glichen \u00f6stlichen Weisheitslehren fasziniert. Auf der Suche nach einer passenden Bewegungsform bin ich dann recht schnell bei Yoga und irgendwann bei Yoga im Hof gelandet<a href=\"https:\/\/www.yogaimhof.de\/?page_id=6551\">. Weiter lesen&#8230;<\/a><\/p>\n<\/div><figure class=\"wp-block-media-text__media\"><img decoding=\"async\" src=\"https:\/\/www.yogaimhof.de\/wp-content\/uploads\/2024\/11\/tempImageDKDsQb.heic\" alt=\"\" class=\"wp-image-6547 size-full\"\/><\/figure><\/div>\n\n\n\n<hr class=\"wp-block-separator has-alpha-channel-opacity is-style-dots\"\/>\n\n\n\n<h2 class=\"wp-block-heading alignwide has-contrast-color has-text-color has-large-font-size\">Dr. med. Rainer Fink<\/h2>\n\n\n\n<div class=\"wp-block-media-text alignwide is-stacked-on-mobile\" style=\"grid-template-columns:33% auto\"><figure class=\"wp-block-media-text__media\"><img loading=\"lazy\" decoding=\"async\" width=\"200\" height=\"150\" src=\"https:\/\/www.yogaimhof.de\/wp-content\/uploads\/2014\/02\/2014-11-09_0015.jpg\" alt=\"\" class=\"wp-image-4081 size-full\"\/><\/figure><div class=\"wp-block-media-text__content\">\n<p>Ich z\u00e4hle mich zum Team, auch wenn ich nicht Yogalehrer bin und nicht unterrichte. <a href=\"https:\/\/www.yogaimhof.de\/?page_id=5385\">Weiter lesen&#8230; <\/a><\/p>\n<\/div><\/div>\n\n\n\n<hr class=\"wp-block-separator has-alpha-channel-opacity is-style-dots\"\/>\n\n\n\n<p class=\"has-text-align-left\"><\/p>\n\n\n\n<p class=\"has-text-align-left\"><\/p>\n","protected":false},"excerpt":{"rendered":"<p>Gabi Theinert Ohne Yogaerfahrung, ohne Interesse zu Unterrichten habe ich 1998 eine Yogalehrerausbildung bei Yoga Vidya begonnen und diese rechtzeitig zur Er\u00f6ffnung von Yoga im Hof im Jahr 2005 abgeschlossen, wo ich von der ersten Stunde an unterrichte. Weiter lesen&#8230; Andrea Fink W\u00e4hrend meines Studiums hat mich ein Freund zu seinem Yogakurs mitgenommen. Weiter lesen&#8230; [&hellip;]<\/p>\n","protected":false},"author":1,"featured_media":0,"parent":0,"menu_order":0,"comment_status":"closed","ping_status":"closed","template":"","meta":{"footnotes":""},"class_list":["post-953","page","type-page","status-publish","hentry"],"yoast_head":"<!-- This site is optimized with the Yoast SEO plugin v27.5 - https:\/\/yoast.com\/product\/yoast-seo-wordpress\/ -->\n<title>Lehrer:innen bei Yoga im Hof - Yoga im Hof - seit 2005 in Augsburg<\/title>\n<meta name=\"description\" content=\"Hier kannst du lesen, wie wir bei YogaimHof unterrichten und was den einzelnen Lehrern besonders am Herzen liegt.\" \/>\n<meta name=\"robots\" content=\"index, follow, max-snippet:-1, max-image-preview:large, max-video-preview:-1\" \/>\n<link rel=\"canonical\" href=\"https:\/\/www.yogaimhof.de\/?page_id=953\" \/>\n<meta property=\"og:locale\" content=\"de_DE\" \/>\n<meta property=\"og:type\" content=\"article\" \/>\n<meta property=\"og:title\" content=\"Lehrer:innen bei Yoga im Hof - Yoga im Hof - seit 2005 in Augsburg\" \/>\n<meta property=\"og:description\" content=\"Hier kannst du lesen, wie wir bei YogaimHof unterrichten und was den einzelnen Lehrern besonders am Herzen liegt.\" \/>\n<meta property=\"og:url\" content=\"https:\/\/www.yogaimhof.de\/?page_id=953\" \/>\n<meta property=\"og:site_name\" content=\"Yoga im Hof - seit 2005 in Augsburg\" \/>\n<meta property=\"article:publisher\" content=\"https:\/\/www.facebook.com\/profile.php?id=100063689761446\" \/>\n<meta property=\"article:modified_time\" content=\"2026-04-01T19:59:56+00:00\" \/>\n<meta property=\"og:image\" content=\"https:\/\/www.yogaimhof.de\/wp-content\/uploads\/2022\/11\/IMG_5629-scaled.jpeg\" \/>\n\t<meta property=\"og:image:width\" content=\"2560\" \/>\n\t<meta property=\"og:image:height\" content=\"1920\" \/>\n\t<meta property=\"og:image:type\" content=\"image\/jpeg\" \/>\n<meta name=\"twitter:card\" content=\"summary_large_image\" \/>\n<meta name=\"twitter:label1\" content=\"Gesch\u00e4tzte Lesezeit\" \/>\n\t<meta name=\"twitter:data1\" content=\"4\u00a0Minuten\" \/>\n<script type=\"application\/ld+json\" class=\"yoast-schema-graph\">{\"@context\":\"https:\\\/\\\/schema.org\",\"@graph\":[{\"@type\":\"WebPage\",\"@id\":\"https:\\\/\\\/www.yogaimhof.de\\\/?page_id=953\",\"url\":\"https:\\\/\\\/www.yogaimhof.de\\\/?page_id=953\",\"name\":\"Lehrer:innen bei Yoga im Hof - Yoga im Hof - seit 2005 in Augsburg\",\"isPartOf\":{\"@id\":\"https:\\\/\\\/www.yogaimhof.de\\\/#website\"},\"primaryImageOfPage\":{\"@id\":\"https:\\\/\\\/www.yogaimhof.de\\\/?page_id=953#primaryimage\"},\"image\":{\"@id\":\"https:\\\/\\\/www.yogaimhof.de\\\/?page_id=953#primaryimage\"},\"thumbnailUrl\":\"https:\\\/\\\/www.yogaimhof.de\\\/wp-content\\\/uploads\\\/2022\\\/11\\\/IMG_5629-scaled-1024x768.jpeg\",\"datePublished\":\"2014-02-13T08:12:30+00:00\",\"dateModified\":\"2026-04-01T19:59:56+00:00\",\"description\":\"Hier kannst du lesen, wie wir bei YogaimHof unterrichten und was den einzelnen Lehrern besonders am Herzen liegt.\",\"breadcrumb\":{\"@id\":\"https:\\\/\\\/www.yogaimhof.de\\\/?page_id=953#breadcrumb\"},\"inLanguage\":\"de\",\"potentialAction\":[{\"@type\":\"ReadAction\",\"target\":[\"https:\\\/\\\/www.yogaimhof.de\\\/?page_id=953\"]}]},{\"@type\":\"ImageObject\",\"inLanguage\":\"de\",\"@id\":\"https:\\\/\\\/www.yogaimhof.de\\\/?page_id=953#primaryimage\",\"url\":\"https:\\\/\\\/www.yogaimhof.de\\\/wp-content\\\/uploads\\\/2022\\\/11\\\/IMG_5629-scaled-1024x768.jpeg\",\"contentUrl\":\"https:\\\/\\\/www.yogaimhof.de\\\/wp-content\\\/uploads\\\/2022\\\/11\\\/IMG_5629-scaled-1024x768.jpeg\"},{\"@type\":\"BreadcrumbList\",\"@id\":\"https:\\\/\\\/www.yogaimhof.de\\\/?page_id=953#breadcrumb\",\"itemListElement\":[{\"@type\":\"ListItem\",\"position\":1,\"name\":\"Startseite\",\"item\":\"https:\\\/\\\/www.yogaimhof.de\\\/\"},{\"@type\":\"ListItem\",\"position\":2,\"name\":\"Lehrer:innen bei Yoga im Hof\"}]},{\"@type\":\"WebSite\",\"@id\":\"https:\\\/\\\/www.yogaimhof.de\\\/#website\",\"url\":\"https:\\\/\\\/www.yogaimhof.de\\\/\",\"name\":\"Yoga im Hof - seit 2005 in Augsburg\",\"description\":\"Zeit f\u00fcr Yoga... Zeit f\u00fcr Dich.\",\"publisher\":{\"@id\":\"https:\\\/\\\/www.yogaimhof.de\\\/#organization\"},\"potentialAction\":[{\"@type\":\"SearchAction\",\"target\":{\"@type\":\"EntryPoint\",\"urlTemplate\":\"https:\\\/\\\/www.yogaimhof.de\\\/?s={search_term_string}\"},\"query-input\":{\"@type\":\"PropertyValueSpecification\",\"valueRequired\":true,\"valueName\":\"search_term_string\"}}],\"inLanguage\":\"de\"},{\"@type\":\"Organization\",\"@id\":\"https:\\\/\\\/www.yogaimhof.de\\\/#organization\",\"name\":\"Yoga im Hof - seit 2005 in Augsburg\",\"url\":\"https:\\\/\\\/www.yogaimhof.de\\\/\",\"logo\":{\"@type\":\"ImageObject\",\"inLanguage\":\"de\",\"@id\":\"https:\\\/\\\/www.yogaimhof.de\\\/#\\\/schema\\\/logo\\\/image\\\/\",\"url\":\"https:\\\/\\\/www.yogaimhof.de\\\/wp-content\\\/uploads\\\/2018\\\/05\\\/Logo-YIH.png\",\"contentUrl\":\"https:\\\/\\\/www.yogaimhof.de\\\/wp-content\\\/uploads\\\/2018\\\/05\\\/Logo-YIH.png\",\"width\":200,\"height\":198,\"caption\":\"Yoga im Hof - seit 2005 in Augsburg\"},\"image\":{\"@id\":\"https:\\\/\\\/www.yogaimhof.de\\\/#\\\/schema\\\/logo\\\/image\\\/\"},\"sameAs\":[\"https:\\\/\\\/www.facebook.com\\\/profile.php?id=100063689761446\"]}]}<\/script>\n<!-- \/ Yoast SEO plugin. -->","yoast_head_json":{"title":"Lehrer:innen bei Yoga im Hof - Yoga im Hof - seit 2005 in Augsburg","description":"Hier kannst du lesen, wie wir bei YogaimHof unterrichten und was den einzelnen Lehrern besonders am Herzen liegt.","robots":{"index":"index","follow":"follow","max-snippet":"max-snippet:-1","max-image-preview":"max-image-preview:large","max-video-preview":"max-video-preview:-1"},"canonical":"https:\/\/www.yogaimhof.de\/?page_id=953","og_locale":"de_DE","og_type":"article","og_title":"Lehrer:innen bei Yoga im Hof - Yoga im Hof - seit 2005 in Augsburg","og_description":"Hier kannst du lesen, wie wir bei YogaimHof unterrichten und was den einzelnen Lehrern besonders am Herzen liegt.","og_url":"https:\/\/www.yogaimhof.de\/?page_id=953","og_site_name":"Yoga im Hof - seit 2005 in Augsburg","article_publisher":"https:\/\/www.facebook.com\/profile.php?id=100063689761446","article_modified_time":"2026-04-01T19:59:56+00:00","og_image":[{"width":2560,"height":1920,"url":"https:\/\/www.yogaimhof.de\/wp-content\/uploads\/2022\/11\/IMG_5629-scaled.jpeg","type":"image\/jpeg"}],"twitter_card":"summary_large_image","twitter_misc":{"Gesch\u00e4tzte Lesezeit":"4\u00a0Minuten"},"schema":{"@context":"https:\/\/schema.org","@graph":[{"@type":"WebPage","@id":"https:\/\/www.yogaimhof.de\/?page_id=953","url":"https:\/\/www.yogaimhof.de\/?page_id=953","name":"Lehrer:innen bei Yoga im Hof - Yoga im Hof - seit 2005 in Augsburg","isPartOf":{"@id":"https:\/\/www.yogaimhof.de\/#website"},"primaryImageOfPage":{"@id":"https:\/\/www.yogaimhof.de\/?page_id=953#primaryimage"},"image":{"@id":"https:\/\/www.yogaimhof.de\/?page_id=953#primaryimage"},"thumbnailUrl":"https:\/\/www.yogaimhof.de\/wp-content\/uploads\/2022\/11\/IMG_5629-scaled-1024x768.jpeg","datePublished":"2014-02-13T08:12:30+00:00","dateModified":"2026-04-01T19:59:56+00:00","description":"Hier kannst du lesen, wie wir bei YogaimHof unterrichten und was den einzelnen Lehrern besonders am Herzen liegt.","breadcrumb":{"@id":"https:\/\/www.yogaimhof.de\/?page_id=953#breadcrumb"},"inLanguage":"de","potentialAction":[{"@type":"ReadAction","target":["https:\/\/www.yogaimhof.de\/?page_id=953"]}]},{"@type":"ImageObject","inLanguage":"de","@id":"https:\/\/www.yogaimhof.de\/?page_id=953#primaryimage","url":"https:\/\/www.yogaimhof.de\/wp-content\/uploads\/2022\/11\/IMG_5629-scaled-1024x768.jpeg","contentUrl":"https:\/\/www.yogaimhof.de\/wp-content\/uploads\/2022\/11\/IMG_5629-scaled-1024x768.jpeg"},{"@type":"BreadcrumbList","@id":"https:\/\/www.yogaimhof.de\/?page_id=953#breadcrumb","itemListElement":[{"@type":"ListItem","position":1,"name":"Startseite","item":"https:\/\/www.yogaimhof.de\/"},{"@type":"ListItem","position":2,"name":"Lehrer:innen bei Yoga im Hof"}]},{"@type":"WebSite","@id":"https:\/\/www.yogaimhof.de\/#website","url":"https:\/\/www.yogaimhof.de\/","name":"Yoga im Hof - seit 2005 in Augsburg","description":"Zeit f\u00fcr Yoga... Zeit f\u00fcr Dich.","publisher":{"@id":"https:\/\/www.yogaimhof.de\/#organization"},"potentialAction":[{"@type":"SearchAction","target":{"@type":"EntryPoint","urlTemplate":"https:\/\/www.yogaimhof.de\/?s={search_term_string}"},"query-input":{"@type":"PropertyValueSpecification","valueRequired":true,"valueName":"search_term_string"}}],"inLanguage":"de"},{"@type":"Organization","@id":"https:\/\/www.yogaimhof.de\/#organization","name":"Yoga im Hof - seit 2005 in Augsburg","url":"https:\/\/www.yogaimhof.de\/","logo":{"@type":"ImageObject","inLanguage":"de","@id":"https:\/\/www.yogaimhof.de\/#\/schema\/logo\/image\/","url":"https:\/\/www.yogaimhof.de\/wp-content\/uploads\/2018\/05\/Logo-YIH.png","contentUrl":"https:\/\/www.yogaimhof.de\/wp-content\/uploads\/2018\/05\/Logo-YIH.png","width":200,"height":198,"caption":"Yoga im Hof - seit 2005 in Augsburg"},"image":{"@id":"https:\/\/www.yogaimhof.de\/#\/schema\/logo\/image\/"},"sameAs":["https:\/\/www.facebook.com\/profile.php?id=100063689761446"]}]}},"_links":{"self":[{"href":"https:\/\/www.yogaimhof.de\/index.php?rest_route=\/wp\/v2\/pages\/953","targetHints":{"allow":["GET"]}}],"collection":[{"href":"https:\/\/www.yogaimhof.de\/index.php?rest_route=\/wp\/v2\/pages"}],"about":[{"href":"https:\/\/www.yogaimhof.de\/index.php?rest_route=\/wp\/v2\/types\/page"}],"author":[{"embeddable":true,"href":"https:\/\/www.yogaimhof.de\/index.php?rest_route=\/wp\/v2\/users\/1"}],"replies":[{"embeddable":true,"href":"https:\/\/www.yogaimhof.de\/index.php?rest_route=%2Fwp%2Fv2%2Fcomments&post=953"}],"version-history":[{"count":176,"href":"https:\/\/www.yogaimhof.de\/index.php?rest_route=\/wp\/v2\/pages\/953\/revisions"}],"predecessor-version":[{"id":8111,"href":"https:\/\/www.yogaimhof.de\/index.php?rest_route=\/wp\/v2\/pages\/953\/revisions\/8111"}],"wp:attachment":[{"href":"https:\/\/www.yogaimhof.de\/index.php?rest_route=%2Fwp%2Fv2%2Fmedia&parent=953"}],"curies":[{"name":"wp","href":"https:\/\/api.w.org\/{rel}","templated":true}]}}