{"id":5687,"date":"2023-11-02T10:06:16","date_gmt":"2023-11-02T09:06:16","guid":{"rendered":"https:\/\/www.yogaimhof.de\/?page_id=5687"},"modified":"2024-02-16T08:36:36","modified_gmt":"2024-02-16T07:36:36","slug":"das-sagen-unsere-teilnehmerinnen","status":"publish","type":"page","link":"https:\/\/www.yogaimhof.de\/?page_id=5687","title":{"rendered":"Das sagen unsere Teilnehmer:innen"},"content":{"rendered":"\n<p><\/p>\n\n\n\n<p>Liebe Jennifer,Vielen Dank f\u00fcr diesen tollen Nachmittag. Es war alles so sch\u00f6n und liebevoll vorbereitet! Das Klettern war super motivierend geleitet und die Yoga Stunde sehr entspannend.\u00a0(Julia &amp; David)<\/p>\n\n\n\n<hr class=\"wp-block-separator aligncenter has-alpha-channel-opacity is-style-dots\"\/>\n\n\n\n<p>Vielen Dank, liebe Andrea! Die Stunde heute Vormittag war f\u00fcr mich wieder sehr gut. Die Feinheiten, die Du erw\u00e4hnst, und die k\u00f6rperlichen Ver\u00e4nderungen, die sich einstellen, wenn ich die Stellungen (oft mit Deiner Unterst\u00fctzung) auch nur ein wenig ver\u00e4ndere, sind doch immer wieder \u00fcberraschend. Heute war es vor allem bei den Atem\u00fcbungen so.(Renate)<\/p>\n\n\n\n<hr class=\"wp-block-separator aligncenter has-alpha-channel-opacity is-style-dots\"\/>\n\n\n\n<p>Liebe Gabi,&nbsp;Ich m\u00f6chte mich nochmal ganz herzlich bei dir f\u00fcr den tollen Kurs bedanken.&nbsp;Da ich vorher keine gro\u00dfe Erfahrung in Mediation hatte, war ich zu Beginn sehr gespannt, was mich erwartet. Aber ich bin durchweg positiv \u00fcberrascht worden. Durch dich ist Meditation zu einer gro\u00dfen Bereicherung in meinem stressigen Alltag geworden. Selbst Zugfahren kann jetzt entspannend sein&#8230; ? (Miriam)<\/p>\n\n\n\n<hr class=\"wp-block-separator aligncenter has-alpha-channel-opacity is-style-dots\"\/>\n\n\n\n<p>Ganz herzlichen Dank Dir f\u00fcr den tollen Yoga-AW-Block. Ich war sehr angetan&nbsp;von Deinem Einfallsreichtum, der Vielseitigeit und&nbsp;Kurzweiligkeit. Beeindruckt war ich auch&nbsp;jedes Mal, dass es sich gar nicht &#8222;wild&#8220; angef\u00fchlt hat w\u00e4hrenddessen und dann im Anschluss doch immer auf irgendeine Art&nbsp;nachgewirkt hat. Erstaunlich auch was f\u00fcr Muskelpartien teilweise am n\u00e4chsten Tag&nbsp;zu sp\u00fcren waren, wo man doch &#8222;gar nichts&#8220; gemacht hatte \ud83d\ude09 (S.H.\u00fcber AWY-Kurs bei Lena) <\/p>\n\n\n\n<hr class=\"wp-block-separator aligncenter has-alpha-channel-opacity is-style-dots\"\/>\n\n\n\n<p>Vielen Dank f\u00fcr die sch\u00f6ne Schulter-Nacken-Stunde heute. Ich freue mich mittlerweile schon sonntags auf montags wegen der Yogastunde!&nbsp;(Laura \u00fcber AWY-Kurs mit Lena)<\/p>\n\n\n\n<hr class=\"wp-block-separator aligncenter has-alpha-channel-opacity is-style-dots\"\/>\n\n\n\n<p>Liebe Gabi, liebe Eva, ich wollte nur auch nochmal schriftlich betonen, wie gut mir das Guten-Morgen-Yoga mit Eva gefallen hat :-)Obwohl ich sonst die 90-Minuten-Stunden sehr sch\u00f6n finde sind am Morgen die 60 Minuten genau richtig.Und Eva hatte immer auch tolle Flows mit dabei.Ich bin jedenfalls entspannt und energiegeladen in die Donnerstage gestartet :-)(Dani) <\/p>\n\n\n\n<hr class=\"wp-block-separator aligncenter has-alpha-channel-opacity is-style-dots\"\/>\n\n\n\n<p>Liebe Gabi, vielen Dank f\u00fcr deine Mail und deine Empfehlungen!&nbsp;Ich hab in den letzten Tagen viel an dich gedacht: ich bin sehr froh um die Erfahrungen, die ich bisher in deinem Mediationskurs und in den Yogastunden mit dir sammeln durfte. Ich versuche in diesen von Angst gepr\u00e4gten Tagen jeden Tag zu meditieren und meinen K\u00f6rper durch gezielte Yoga\u00fcbungen auszugleichen, wenn\u2019s irgendwo zwickt. Anders w\u00e4re es wirklich schwer f\u00fcr mich, einen Ausgleich zu schaffen. (Johanna)&nbsp;<\/p>\n\n\n\n<hr class=\"wp-block-separator aligncenter has-alpha-channel-opacity is-style-dots\"\/>\n\n\n\n<p>Ich finde die &#8222;Hausaufgaben\u201c zur Haltungssensibilisierung im Alltag super! Ich habe das Gef\u00fchl, dass es was bringt und die konkrete &#8222;Hausaufgabe&#8220; hilft auch, \u00f6fters dran zu denken.&nbsp;Viele herzliche Gr\u00fc\u00dfe und vielen Dank f\u00fcr die Yogastunden und die &#8222;Hausaufgaben&#8220;!&nbsp;(Anette zum AWY-Kurs)<\/p>\n\n\n\n<hr class=\"wp-block-separator aligncenter has-alpha-channel-opacity is-style-dots\"\/>\n\n\n\n<p>Sehr geehrte Frau Volk, Vielen Dank f\u00fcr den Vortrag f\u00fcr die Patienten! Es kam \u00e4u\u00dferst gut an.&nbsp;Die Patienten und unsere CM-Begleiterin sch\u00e4tzten &amp; mochten Sie (als Pers\u00f6nlichkeit) und&nbsp;Ihren Vortrag (inhaltlich und methodisch)&nbsp;wirklich sehr,&nbsp;es war&nbsp;sehr interessant und ruhig,&nbsp;die \u00dcbungen toll.&nbsp;Kompliment! (Bunter Kreis\/Isolde Stanczak)<\/p>\n\n\n\n<hr class=\"wp-block-separator aligncenter has-alpha-channel-opacity is-style-dots\"\/>\n\n\n\n<p>Wie so viele, habe auch ich eine \u00fcberwiegend sitzende T\u00e4tigkeit vor dem PC mit vielen Videomeetings. Durch den Montagskurs und die \u00dcbungen, die ich teilweise auch an anderen Tagen kurz einbaue hab ich eine deutliche Verbesserung meiner Nackenverspannungen gemerkt und es ist einfach auch ein super Start in die Woche!(Hannah zum AWY Kurs mit Lena)<\/p>\n\n\n\n<hr class=\"wp-block-separator aligncenter has-alpha-channel-opacity is-style-dots\"\/>\n\n\n\n<p>..Die Erfahrungen aus Deinen Yogastunden haben mir \u00fcbrigens w\u00e4hrend der Schwangerschaft, der Geburt und auch in den ersten Wochen sehr viel geholfen. Die Atemtechniken, das bewu\u00dfte Atmen, das Wahrnehmen des K\u00f6rpers und das Hineinsp\u00fcren in den K\u00f6rper, all das hat mir geholfen die Wehen und auch die Geburt durchzustehen&#8230; In den ersten Tagen nach der Geburt haben mir einfache Yoga\u00fcbungen gut getan, um den Schlafmangel und die k\u00f6rperliche Umstellung durchzustehen.&nbsp;Deshalb sage ich ganz recht herzlich &#8222;Danke sch\u00f6n&#8220; f\u00fcr ALLES Andrea!(Sabine)<\/p>\n\n\n\n<hr class=\"wp-block-separator aligncenter has-alpha-channel-opacity is-style-dots\"\/>\n\n\n\n<p>Guten Morgen Gabi, ich fand den Kurs echt super! F\u00fcr mich pers\u00f6nlich war die \u201eVerbindlichkeit\u201c die so ein fester Kurs hat angenehm. Auch den Aufbau und die langsame Steigerung der \u00dcbungen hat mir sehr zugesagt.&nbsp;(J.\u00fcber den  Pr\u00e4ventionskurs)<\/p>\n\n\n\n<hr class=\"wp-block-separator aligncenter has-alpha-channel-opacity is-style-dots\"\/>\n\n\n\n<p>Kann mich nicht erinnern, wann ich das Letzte mal so einen entspannten und freien oberen R\u00fccken gehabt habe \ud83d\ude09 echt krass.(S.B. \u00fcber AWY-Kurs bei Lena)&nbsp;<\/p>\n\n\n\n<hr class=\"wp-block-separator aligncenter has-alpha-channel-opacity is-style-dots\"\/>\n","protected":false},"excerpt":{"rendered":"<p>Liebe Jennifer,Vielen Dank f\u00fcr diesen tollen Nachmittag. Es war alles so sch\u00f6n und liebevoll vorbereitet! Das Klettern war super motivierend geleitet und die Yoga Stunde sehr entspannend.\u00a0(Julia &amp; David) Vielen Dank, liebe Andrea! Die Stunde heute Vormittag war f\u00fcr mich wieder sehr gut. Die Feinheiten, die Du erw\u00e4hnst, und die k\u00f6rperlichen Ver\u00e4nderungen, die sich einstellen, [&hellip;]<\/p>\n","protected":false},"author":1,"featured_media":0,"parent":0,"menu_order":0,"comment_status":"closed","ping_status":"closed","template":"","meta":{"footnotes":""},"class_list":["post-5687","page","type-page","status-publish","hentry"],"yoast_head":"<!-- This site is optimized with the Yoast SEO plugin v27.5 - https:\/\/yoast.com\/product\/yoast-seo-wordpress\/ -->\n<title>Das sagen unsere Teilnehmer:innen - Yoga im Hof - seit 2005 in Augsburg<\/title>\n<meta name=\"robots\" content=\"index, follow, max-snippet:-1, max-image-preview:large, max-video-preview:-1\" \/>\n<link rel=\"canonical\" href=\"https:\/\/www.yogaimhof.de\/?page_id=5687\" \/>\n<meta property=\"og:locale\" content=\"de_DE\" \/>\n<meta property=\"og:type\" content=\"article\" \/>\n<meta property=\"og:title\" content=\"Das sagen unsere Teilnehmer:innen - Yoga im Hof - seit 2005 in Augsburg\" \/>\n<meta property=\"og:description\" content=\"Liebe Jennifer,Vielen Dank f\u00fcr diesen tollen Nachmittag. Es war alles so sch\u00f6n und liebevoll vorbereitet! Das Klettern war super motivierend geleitet und die Yoga Stunde sehr entspannend.\u00a0(Julia &amp; David) Vielen Dank, liebe Andrea! Die Stunde heute Vormittag war f\u00fcr mich wieder sehr gut. Die Feinheiten, die Du erw\u00e4hnst, und die k\u00f6rperlichen Ver\u00e4nderungen, die sich einstellen, [&hellip;]\" \/>\n<meta property=\"og:url\" content=\"https:\/\/www.yogaimhof.de\/?page_id=5687\" \/>\n<meta property=\"og:site_name\" content=\"Yoga im Hof - seit 2005 in Augsburg\" \/>\n<meta property=\"article:publisher\" content=\"https:\/\/www.facebook.com\/profile.php?id=100063689761446\" \/>\n<meta property=\"article:modified_time\" content=\"2024-02-16T07:36:36+00:00\" \/>\n<meta name=\"twitter:card\" content=\"summary_large_image\" \/>\n<meta name=\"twitter:label1\" content=\"Gesch\u00e4tzte Lesezeit\" \/>\n\t<meta name=\"twitter:data1\" content=\"4\u00a0Minuten\" \/>\n<script type=\"application\/ld+json\" class=\"yoast-schema-graph\">{\"@context\":\"https:\\\/\\\/schema.org\",\"@graph\":[{\"@type\":\"WebPage\",\"@id\":\"https:\\\/\\\/www.yogaimhof.de\\\/?page_id=5687\",\"url\":\"https:\\\/\\\/www.yogaimhof.de\\\/?page_id=5687\",\"name\":\"Das sagen unsere Teilnehmer:innen - Yoga im Hof - seit 2005 in Augsburg\",\"isPartOf\":{\"@id\":\"https:\\\/\\\/www.yogaimhof.de\\\/#website\"},\"datePublished\":\"2023-11-02T09:06:16+00:00\",\"dateModified\":\"2024-02-16T07:36:36+00:00\",\"breadcrumb\":{\"@id\":\"https:\\\/\\\/www.yogaimhof.de\\\/?page_id=5687#breadcrumb\"},\"inLanguage\":\"de\",\"potentialAction\":[{\"@type\":\"ReadAction\",\"target\":[\"https:\\\/\\\/www.yogaimhof.de\\\/?page_id=5687\"]}]},{\"@type\":\"BreadcrumbList\",\"@id\":\"https:\\\/\\\/www.yogaimhof.de\\\/?page_id=5687#breadcrumb\",\"itemListElement\":[{\"@type\":\"ListItem\",\"position\":1,\"name\":\"Startseite\",\"item\":\"https:\\\/\\\/www.yogaimhof.de\\\/\"},{\"@type\":\"ListItem\",\"position\":2,\"name\":\"Das sagen unsere Teilnehmer:innen\"}]},{\"@type\":\"WebSite\",\"@id\":\"https:\\\/\\\/www.yogaimhof.de\\\/#website\",\"url\":\"https:\\\/\\\/www.yogaimhof.de\\\/\",\"name\":\"Yoga im Hof - seit 2005 in Augsburg\",\"description\":\"Zeit f\u00fcr Yoga... Zeit f\u00fcr Dich.\",\"publisher\":{\"@id\":\"https:\\\/\\\/www.yogaimhof.de\\\/#organization\"},\"potentialAction\":[{\"@type\":\"SearchAction\",\"target\":{\"@type\":\"EntryPoint\",\"urlTemplate\":\"https:\\\/\\\/www.yogaimhof.de\\\/?s={search_term_string}\"},\"query-input\":{\"@type\":\"PropertyValueSpecification\",\"valueRequired\":true,\"valueName\":\"search_term_string\"}}],\"inLanguage\":\"de\"},{\"@type\":\"Organization\",\"@id\":\"https:\\\/\\\/www.yogaimhof.de\\\/#organization\",\"name\":\"Yoga im Hof - seit 2005 in Augsburg\",\"url\":\"https:\\\/\\\/www.yogaimhof.de\\\/\",\"logo\":{\"@type\":\"ImageObject\",\"inLanguage\":\"de\",\"@id\":\"https:\\\/\\\/www.yogaimhof.de\\\/#\\\/schema\\\/logo\\\/image\\\/\",\"url\":\"https:\\\/\\\/www.yogaimhof.de\\\/wp-content\\\/uploads\\\/2018\\\/05\\\/Logo-YIH.png\",\"contentUrl\":\"https:\\\/\\\/www.yogaimhof.de\\\/wp-content\\\/uploads\\\/2018\\\/05\\\/Logo-YIH.png\",\"width\":200,\"height\":198,\"caption\":\"Yoga im Hof - seit 2005 in Augsburg\"},\"image\":{\"@id\":\"https:\\\/\\\/www.yogaimhof.de\\\/#\\\/schema\\\/logo\\\/image\\\/\"},\"sameAs\":[\"https:\\\/\\\/www.facebook.com\\\/profile.php?id=100063689761446\"]}]}<\/script>\n<!-- \/ Yoast SEO plugin. -->","yoast_head_json":{"title":"Das sagen unsere Teilnehmer:innen - Yoga im Hof - seit 2005 in Augsburg","robots":{"index":"index","follow":"follow","max-snippet":"max-snippet:-1","max-image-preview":"max-image-preview:large","max-video-preview":"max-video-preview:-1"},"canonical":"https:\/\/www.yogaimhof.de\/?page_id=5687","og_locale":"de_DE","og_type":"article","og_title":"Das sagen unsere Teilnehmer:innen - Yoga im Hof - seit 2005 in Augsburg","og_description":"Liebe Jennifer,Vielen Dank f\u00fcr diesen tollen Nachmittag. Es war alles so sch\u00f6n und liebevoll vorbereitet! Das Klettern war super motivierend geleitet und die Yoga Stunde sehr entspannend.\u00a0(Julia &amp; David) Vielen Dank, liebe Andrea! Die Stunde heute Vormittag war f\u00fcr mich wieder sehr gut. Die Feinheiten, die Du erw\u00e4hnst, und die k\u00f6rperlichen Ver\u00e4nderungen, die sich einstellen, [&hellip;]","og_url":"https:\/\/www.yogaimhof.de\/?page_id=5687","og_site_name":"Yoga im Hof - seit 2005 in Augsburg","article_publisher":"https:\/\/www.facebook.com\/profile.php?id=100063689761446","article_modified_time":"2024-02-16T07:36:36+00:00","twitter_card":"summary_large_image","twitter_misc":{"Gesch\u00e4tzte Lesezeit":"4\u00a0Minuten"},"schema":{"@context":"https:\/\/schema.org","@graph":[{"@type":"WebPage","@id":"https:\/\/www.yogaimhof.de\/?page_id=5687","url":"https:\/\/www.yogaimhof.de\/?page_id=5687","name":"Das sagen unsere Teilnehmer:innen - Yoga im Hof - seit 2005 in Augsburg","isPartOf":{"@id":"https:\/\/www.yogaimhof.de\/#website"},"datePublished":"2023-11-02T09:06:16+00:00","dateModified":"2024-02-16T07:36:36+00:00","breadcrumb":{"@id":"https:\/\/www.yogaimhof.de\/?page_id=5687#breadcrumb"},"inLanguage":"de","potentialAction":[{"@type":"ReadAction","target":["https:\/\/www.yogaimhof.de\/?page_id=5687"]}]},{"@type":"BreadcrumbList","@id":"https:\/\/www.yogaimhof.de\/?page_id=5687#breadcrumb","itemListElement":[{"@type":"ListItem","position":1,"name":"Startseite","item":"https:\/\/www.yogaimhof.de\/"},{"@type":"ListItem","position":2,"name":"Das sagen unsere Teilnehmer:innen"}]},{"@type":"WebSite","@id":"https:\/\/www.yogaimhof.de\/#website","url":"https:\/\/www.yogaimhof.de\/","name":"Yoga im Hof - seit 2005 in Augsburg","description":"Zeit f\u00fcr Yoga... Zeit f\u00fcr Dich.","publisher":{"@id":"https:\/\/www.yogaimhof.de\/#organization"},"potentialAction":[{"@type":"SearchAction","target":{"@type":"EntryPoint","urlTemplate":"https:\/\/www.yogaimhof.de\/?s={search_term_string}"},"query-input":{"@type":"PropertyValueSpecification","valueRequired":true,"valueName":"search_term_string"}}],"inLanguage":"de"},{"@type":"Organization","@id":"https:\/\/www.yogaimhof.de\/#organization","name":"Yoga im Hof - seit 2005 in Augsburg","url":"https:\/\/www.yogaimhof.de\/","logo":{"@type":"ImageObject","inLanguage":"de","@id":"https:\/\/www.yogaimhof.de\/#\/schema\/logo\/image\/","url":"https:\/\/www.yogaimhof.de\/wp-content\/uploads\/2018\/05\/Logo-YIH.png","contentUrl":"https:\/\/www.yogaimhof.de\/wp-content\/uploads\/2018\/05\/Logo-YIH.png","width":200,"height":198,"caption":"Yoga im Hof - seit 2005 in Augsburg"},"image":{"@id":"https:\/\/www.yogaimhof.de\/#\/schema\/logo\/image\/"},"sameAs":["https:\/\/www.facebook.com\/profile.php?id=100063689761446"]}]}},"_links":{"self":[{"href":"https:\/\/www.yogaimhof.de\/index.php?rest_route=\/wp\/v2\/pages\/5687","targetHints":{"allow":["GET"]}}],"collection":[{"href":"https:\/\/www.yogaimhof.de\/index.php?rest_route=\/wp\/v2\/pages"}],"about":[{"href":"https:\/\/www.yogaimhof.de\/index.php?rest_route=\/wp\/v2\/types\/page"}],"author":[{"embeddable":true,"href":"https:\/\/www.yogaimhof.de\/index.php?rest_route=\/wp\/v2\/users\/1"}],"replies":[{"embeddable":true,"href":"https:\/\/www.yogaimhof.de\/index.php?rest_route=%2Fwp%2Fv2%2Fcomments&post=5687"}],"version-history":[{"count":20,"href":"https:\/\/www.yogaimhof.de\/index.php?rest_route=\/wp\/v2\/pages\/5687\/revisions"}],"predecessor-version":[{"id":6005,"href":"https:\/\/www.yogaimhof.de\/index.php?rest_route=\/wp\/v2\/pages\/5687\/revisions\/6005"}],"wp:attachment":[{"href":"https:\/\/www.yogaimhof.de\/index.php?rest_route=%2Fwp%2Fv2%2Fmedia&parent=5687"}],"curies":[{"name":"wp","href":"https:\/\/api.w.org\/{rel}","templated":true}]}}