{"id":4977,"date":"2023-10-10T19:11:23","date_gmt":"2023-10-10T18:11:23","guid":{"rendered":"https:\/\/www.yogaimhof.de\/?page_id=4977"},"modified":"2025-07-28T07:13:33","modified_gmt":"2025-07-28T06:13:33","slug":"tipps-und-links","status":"publish","type":"page","link":"https:\/\/www.yogaimhof.de\/?page_id=4977","title":{"rendered":"Tipps und Links"},"content":{"rendered":"\n<p><em>Die Buchtitel wurden rein zur Information mit www.amazon.de verlinkt. Wir empfehlen den lokalen Buchhandel zu unterst\u00fctzen.<\/em><\/p>\n\n\n\n<p><strong>YOGA <\/strong><\/p>\n\n\n\n<p><a href=\"https:\/\/www.amazon.de\/Yoga-f\u00fcr-Skeptiker-Neurowissenschaftler-Weisheitslehre-ebook\/dp\/B00COD71BW\">Ulrich Ott: Yoga f\u00fcr Skeptiker <\/a><\/p>\n\n\n\n<p><a href=\"https:\/\/www.amazon.de\/-\/en\/Imogen-Dalmann\/dp\/3980949710\/ref=sr_1_1?crid=Z0PXRTFMLJ0A&amp;keywords=Heilkunst+Yoga+-+Yogatherapie+heute&amp;qid=1696424061&amp;s=books&amp;sprefix=heilkunst+yoga+-+yogatherapie+heute%2Cstripbooks%2C89&amp;sr=1-1&amp;asin=3980949710&amp;revisionId=&amp;format=4&amp;depth=1\">Dalmann\/Soder: Warum Yoga: \u00dcber Praxis, Konzepte und Hintergr\u00fcnde<\/a><\/p>\n\n\n\n<p><a href=\"https:\/\/www.amazon.de\/-\/en\/Anna-Tr\u00f6kes\/dp\/3833840080\/ref=sr_1_1?crid=15ETXIHSCA39L&amp;keywords=Anna+Tr\u00f6kes+%3A+der+kleine+Alltagsyogi&amp;qid=1696424494&amp;s=books&amp;sprefix=anna+tr\u00f6kes+der+kleine+alltagsyogi%2Cstripbooks%2C93&amp;sr=1-1&amp;asin=3833840080&amp;revisionId=&amp;format=4&amp;depth=1\">Anna Tr\u00f6kes: Der kleine Alltags-Yogi <\/a> <\/p>\n\n\n\n<p><a href=\"https:\/\/www.amazon.de\/Yoga-Tradition-Erfahrung-Praxis-Patanjali\/dp\/3928632000\">Desikachar:&nbsp;Yoga &#8211; Tradition und Erfahrung<\/a> <\/p>\n\n\n\n<p><a href=\"https:\/\/www.amazon.de\/-\/en\/Patanjali-ebook\/dp\/B01MYGI24A\/ref=sr_1_1?crid=11MGCUNZDVS6T&amp;keywords=Sriram+Das+Yogasutra&amp;qid=1696422603&amp;s=digital-text&amp;sprefix=sriram+das+yogasutra%2Cdigital-text%2C122&amp;sr=1-1\">R. Sriram: Das Yogasutra<\/a><\/p>\n\n\n\n<p><a href=\"https:\/\/www.amazon.de\/Die-Yoga-Sutras-Alltag-leben-philosophische\/dp\/3866163045\">Eckard Wolz-Gottwald: Die Yoga-Sutras im Alltag leben<\/a> <\/p>\n\n\n\n<p><a href=\"https:\/\/www.amazon.de\/-\/en\/Eckard-Wolz-Gottwald\/dp\/3936486042\/ref=sr_1_1?crid=34Y63LSPUK9ON&amp;keywords=Yoga+Philosophie+Atlas&amp;qid=1696422913&amp;s=books&amp;sprefix=yoga+philosophie+atlas%2Cstripbooks%2C101&amp;sr=1-1\">Eckard Wolz-Gottwald: Yoga Philosophie Atlas <\/a><\/p>\n\n\n\n<p><a href=\"https:\/\/www.amazon.de\/-\/en\/Yoga-Nidra-Swami-Satyananda-Saraswati\/dp\/8185787123\/ref=sr_1_1?crid=G6QI2QUB1WYX&amp;keywords=Swami+Satyananda+Yoga+Nidra&amp;qid=1696423076&amp;s=books&amp;sprefix=swami+satyananda+yoga+nidra+%2Cstripbooks%2C88&amp;sr=1-1\">Swami Satyananda: Yoga Nidra <\/a><\/p>\n\n\n\n<p><a href=\"https:\/\/www.amazon.de\/-\/en\/Carsten-Unger\/dp\/3932185013\/ref=sr_1_2?crid=H1N0N3GGK4OP&amp;keywords=Unger+Yoga+und+Psychologie&amp;qid=1696423119&amp;s=books&amp;sprefix=unger+yoga+und+psychologie%2Cstripbooks%2C90&amp;sr=1-2\">Unger Carsten\/Katrin Hoffmann-Unger: Yoga und Psychologie<\/a><\/p>\n\n\n\n<p><a href=\"https:\/\/www.amazon.de\/-\/en\/Imogen-Dalmann\/dp\/3980949710\/ref=sr_1_1?crid=Z0PXRTFMLJ0A&amp;keywords=Heilkunst+Yoga+-+Yogatherapie+heute&amp;qid=1696424061&amp;s=books&amp;sprefix=heilkunst+yoga+-+yogatherapie+heute%2Cstripbooks%2C89&amp;sr=1-1&amp;asin=3980949710&amp;revisionId=&amp;format=4&amp;depth=1\">Dalmann\/Soder: Heilkunst Yoga &#8211; Yogatherapie heute<\/a> <\/p>\n\n\n\n<p><a href=\"https:\/\/www.amazon.de\/Bhagavadgita-Gottes-zeitgem\u00e4\u00dfe-Version-westliche\/dp\/3442216079\">Jack Hawley:&nbsp;Bhagavadgita<\/a><\/p>\n\n\n\n<p><a href=\"https:\/\/www.viveka.de\">Viveka Yoga Fachportal<\/a> <\/p>\n\n\n\n<p><strong>ATEM <\/strong><\/p>\n\n\n\n<p><a href=\"https:\/\/www.amazon.de\/-\/en\/R-Sriram\/dp\/3451603306\/ref=sr_1_1?crid=BVXPM8QRPO02&amp;keywords=sriram+atem&amp;qid=1696423372&amp;s=books&amp;sprefix=Sriram+%2Cstripbooks%2C93&amp;sr=1-1\">R. Sriram: Das Geheimnis des Atems<\/a><\/p>\n\n\n\n<p><a href=\"https:\/\/www.amazon.de\/gp\/product\/3492058515?pd_rd_r=b121f30c-ad69-4da4-9f4a-c5e7de22cdf1&amp;pd_rd_w=VAovO&amp;pd_rd_wg=zkuOH&amp;pf_rd_p=8584a6de-9d15-4c91-890c-590928e417b6&amp;pf_rd_r=ZG7RNAYNSYQ37RWX92GB&amp;ref_=pd_gw_unk\">James Nestor: Breath \u2013 Atem<\/a> <\/p>\n\n\n\n<p><strong>MEDITATION<\/strong> <\/p>\n\n\n\n<p><a href=\"https:\/\/www.amazon.de\/Ulrich-Ott\/dp\/3426878453\/ref=sr_1_1_sspa?crid=1F28KC5S2F74X&amp;keywords=Ulrich+Ott+%3A+Meditation+f\u00fcr+Skeptiker&amp;qid=1696424646&amp;s=books&amp;sprefix=ulrich+ott+meditation+f\u00fcr+skeptiker%2Cstripbooks%2C89&amp;sr=1-1-spons&amp;sp_csd=d2lkZ2V0TmFtZT1zcF9hdGY&amp;psc=1\">Ulrich Ott: Meditation f\u00fcr Skeptiker<\/a><\/p>\n\n\n\n<p><a href=\"https:\/\/www.amazon.de\/-\/en\/T-K-V-Desikachar\/dp\/386616534X\/ref=sr_1_1?crid=1YDA9S9TUVJJ7&amp;keywords=Desikachar+\u00dcber+Freiheit+und+Meditation&amp;qid=1696431073&amp;s=books&amp;sprefix=desikachar+\u00fcber+freiheit+und+meditation%2Cstripbooks%2C90&amp;sr=1-1\">Desikachar: \u00dcber Freiheit und Meditation<\/a><\/p>\n\n\n\n<p>Sam Harris: Meditation App &#8222;Waking up&#8220; <\/p>\n\n\n\n<p><a href=\"https:\/\/www.amazon.de\/Die-Kunst-Lebens-Vipassana-Meditation-Goenka\/dp\/3423343389\">William Hart: Die Kunst des Lebens, Vipassana-Meditation<\/a> &nbsp;<\/p>\n\n\n\n<p><a href=\"https:\/\/www.amazon.de\/-\/en\/Jon-Kabat-Zinn\/dp\/3426878666\/ref=sr_1_3?crid=AO7FSGNOFW5R&amp;keywords=Jon+Kabat+Zinn&amp;qid=1696426718&amp;s=books&amp;sprefix=jon+kabat+zinn%2Cstripbooks%2C90&amp;sr=1-3\">Jon Kabat-Zinn: Im Alltag Ruhe finden <\/a><\/p>\n\n\n\n<p><strong>INTERESSANTES \/ SPIRITUELLES \/ PHILOSOPHISCHES<\/strong> \/ <strong>WELTANSCHAULICHES <\/strong><\/p>\n\n\n\n<p><a href=\"https:\/\/www.amazon.de\/Manifest-evolution\u00e4ren-Humanismus-zeitgem\u00e4sse-Leitkultur\/dp\/3865690114?ie=UTF8&amp;tag=googhydr08-21&amp;hvadid=719378855680&amp;hvpos=&amp;hvexid=&amp;hvnetw=g&amp;hvrand=12175692181937644516&amp;hvpone=&amp;hvptwo=&amp;hvqmt=&amp;hvdev=c&amp;ref=pd_sl_1igezu3og_e&amp;tag=&amp;ref=&amp;adgrpid=172726841667&amp;hvpone=&amp;hvptwo=&amp;hvadid=719378855680&amp;hvpos=&amp;hvnetw=g&amp;hvrand=12175692181937644516&amp;hvqmt=&amp;hvdev=c&amp;hvdvcmdl=&amp;hvlocint=&amp;hvlocphy=9042549&amp;hvtargid=dsa-1595363597442&amp;hydadcr=&amp;mcid=&amp;gad_source=1\">Michael Schmidt-Salomon: Manifest des evolution\u00e4ren Humanismus\u00a0<\/a><\/p>\n\n\n\n<p><a href=\"https:\/\/www.3sat.de\/gesellschaft\/sternstunde-philosophie\/sternstunde-philosophie-154.html\">Sternstunden Philosophie (3SAT): Philosophischer Stammtisch: Wie kommen wir zu Ruhe?<\/a> <\/p>\n\n\n\n<p><a href=\"https:\/\/www.youtube.com\/watch?v=7IJju7TL-R8&amp;t=86s\">Sternstunden Religion (SFR): Glaube vs. Spiritualit\u00e4t: Was hilft uns in der Klimakrise? <\/a><\/p>\n\n\n\n<p>Gl\u00fccksforschung: <a href=\"https:\/\/ggsc.berkeley.edu\/?_ga=2.124461389.636969017.1693234446-41307589.1692161771\">Greater Good Science Center University Berkley <\/a><\/p>\n\n\n\n<p><a href=\"https:\/\/www.amazon.de\/-\/en\/Sam-Harris\/dp\/3905752468\/ref=sr_1_8?crid=3FHFMWPMXS37S&amp;keywords=Sam+Harris+Waking+up&amp;qid=1696424751&amp;s=books&amp;sprefix=sam+harris+waking+up%2Cstripbooks%2C91&amp;sr=1-8\">Sam Harris: Erwachen: Spiritualit\u00e4t jenseits von Glauben und Religion<\/a><\/p>\n\n\n\n<p><a href=\"https:\/\/www.amazon.de\/-\/en\/Yuval-Noah-Harari\/dp\/3570552691\/ref=sr_1_1?crid=3LQI9R3TXY1WT&amp;keywords=harari+eine+kurze+geschichte+der+menschheit&amp;qid=1696961073&amp;sprefix=Harari%2Caps%2C103&amp;sr=8-1\">Yuval Noah Harari: Eine kurze Geschichte der Menschheit<\/a><\/p>\n\n\n\n<p><a href=\"https:\/\/www.amazon.de\/-\/en\/Joseph-Henrich\/dp\/0141976217\/ref=sr_1_2?crid=1L7OFEY8PSDM4&amp;keywords=joseph+henrich+die+seltsamsten+menschen+der+welt&amp;qid=1696961268&amp;sprefix=joseph+henrich%2Caps%2C110&amp;sr=8-2\">Joseph Henrich: The Weirdest People in the World: How the West Became Psychologically Peculiar and Particularly Prosperous<\/a><\/p>\n\n\n\n<p><a href=\"https:\/\/www.amazon.de\/-\/en\/Lena-Kroll\/dp\/3840378230\/ref=sr_1_1?crid=2RLTLTCRJCCJD&amp;keywords=Gesundheitskompetenz+und+Achtsamkeit+in+der+Arbeitswelt&amp;qid=1696426249&amp;sprefix=gesundheitskompetenz+und+achtsamkeit+in+der+arbeitswelt%2Caps%2C85&amp;sr=8-1\">Lena Kroll\/Kathrin Wei\u00df\/Christine Hass-Jelten: Gesundheitskompetenz und Achtsamkeit in der Arbeitswelt <\/a><\/p>\n\n\n\n<p><a href=\"https:\/\/www.amazon.de\/-\/en\/Marc-Aurel\/dp\/1791654304\/ref=sr_1_4?crid=MUI086APP98D&amp;keywords=marc+aurel+selbstbetrachtungen&amp;qid=1696425148&amp;s=books&amp;sprefix=Marc+Aurel+%2Cstripbooks%2C96&amp;sr=1-4\">Marc Aurel: Selbstbetrachtungen <\/a><\/p>\n\n\n\n<p><a href=\"https:\/\/www.amazon.de\/-\/en\/Eckhart-Tolle\/dp\/3442341884\/ref=sr_1_1?crid=12RX40O5P72L6&amp;keywords=eckhart+tolle+eine+neue+welt&amp;qid=1696425224&amp;s=books&amp;sprefix=eckart+tolle+eine+neue+welt%2Cstripbooks%2C87&amp;sr=1-1\">Eckart Tolle: Eine neue Welt<\/a><\/p>\n\n\n\n<p><a href=\"https:\/\/www.amazon.de\/Die-Kunst-Gesundheit-Mirella-Carbone\/dp\/3495485155\">Friedrich Nietzsche: Die Kunst der Gesundheit<\/a> <\/p>\n\n\n\n<p><a href=\"https:\/\/www.amazon.de\/Whole-Brain-Living-Anatomy-Characters\/dp\/1401961983\/ref=sr_1_1?__mk_de_DE=%C3%85M%C3%85%C5%BD%C3%95%C3%91&amp;dchild=1&amp;keywords=jill%20bolte%20taylor&amp;qid=1623407518&amp;sr=8-1\" target=\"_blank\" rel=\"noreferrer noopener\">Jill Bolte Taylor: Whole Brain Living<\/a><\/p>\n\n\n\n<p><a href=\"https:\/\/www.amazon.de\/Das-Buch-Freude-Dalai-Lama\/dp\/3778782657\/ref=sr_1_1?__mk_de_DE=%C3%85M%C3%85%C5%BD%C3%95%C3%91&amp;dchild=1&amp;keywords=das%20buch%20der%20freude&amp;qid=1623407836&amp;sr=8-1\" target=\"_blank\" rel=\"noreferrer noopener\">Dalai Lama und Desmond Tutu: Das Buch der Freude<\/a> <\/p>\n\n\n\n<p><a href=\"https:\/\/www.amazon.de\/Leben-ist-was-jetzt-passiert\/dp\/3453704177\/ref=sr_1_1?crid=15KS5M05Q6TSF&amp;keywords=leben%20ist%20was%20jetzt%20passiert&amp;qid=1646817124&amp;sprefix=leben%20ist%20was%20je%2Caps%2C82&amp;sr=8-1\" target=\"_blank\" rel=\"noreferrer noopener\">Thich Nath Hanh: Leben ist, was jetzt passiert<\/a>\/<a href=\"https:\/\/www.amazon.de\/Art-Living-Thich-Nhat-Hanh\/dp\/1846045096\/ref=sr_1_1?crid=2JQO6L043XM2U&amp;keywords=the%20art%20of%20living%20thich%20nhat%20hanh&amp;qid=1646817693&amp;sprefix=the%20art%20of%20living%20%2Caps%2C100&amp;sr=8-1\" target=\"_blank\" rel=\"noreferrer noopener\">The Art of Living<\/a> und andere B\u00fccher von Thich Nath Hanh<\/p>\n\n\n\n<p><a href=\"https:\/\/www.amazon.de\/-\/en\/Jack-Kornfield\/dp\/3442338123\/ref=sr_1_1?crid=1TWNQBQEZHL27&amp;keywords=jack+kornfield+das+weise+herz&amp;qid=1696426463&amp;sprefix=Jack+Kornfield%2Caps%2C95&amp;sr=8-1\">Jack Kornfield: Das weise Herz: universelle Prinzipien buddhistischer Philosophie<\/a><\/p>\n\n\n\n<h6 class=\"wp-block-heading\"><strong>Film-Dokumentationen<\/strong><\/h6>\n\n\n\n<p><a href=\"http:\/\/www.deratmendegott.de\">Der atmende Gott &#8211; Reise zum Ursprung des modernen Yoga <\/a><\/p>\n\n\n\n<p><a href=\"https:\/\/www.amazon.de\/-\/en\/Vikram-Gandhi\/dp\/B07HY2CY18\/ref=sr_1_1?adgrpid=1192970768490931&amp;hvadid=74560790968508&amp;hvbmt=be&amp;hvdev=c&amp;hvlocphy=116667&amp;hvnetw=s&amp;hvqmt=e&amp;hvtargid=kwd-74560872348292%3Aloc-72&amp;hydadcr=7099_2297737&amp;keywords=kumare+film&amp;qid=1696849597&amp;sr=8-1\">Kumar\u00e9 \u2013 Ein wahrer Film \u00fcber einen falschen Propheten<\/a><\/p>\n\n\n\n<p><a href=\"https:\/\/www.youtube.com\/watch?v=UyyjU8fzEYU\" target=\"_blank\" rel=\"noreferrer noopener\">TED Talk: Jill Bolte Taylor \u2013 My Stroke of Insight<\/a> (\u00fcber das Gehirn, mit deutschen Untertiteln, YouTube)<\/p>\n\n\n\n<p><a href=\"https:\/\/www.google.com\/search?client=safari&amp;rls=en&amp;q=Perfect+Days+Wim+Wenders+Trailer&amp;ie=UTF-8&amp;oe=UTF-8#fpstate=ive&amp;vld=cid:790eb2e3,vid:h1JHzXu04QI,st:0\">Perfect Days<\/a> &#8211; Wim Wenders <\/p>\n\n\n\n<p><\/p>\n\n\n\n<h6 class=\"wp-block-heading\"><strong>Angebote von Freunden\/Kollegen<\/strong><\/h6>\n\n\n\n<p><a href=\"https:\/\/yogisch.com\">Eva Maria Pohl <\/a>(Yoga) <\/p>\n\n\n\n<p><a href=\"https:\/\/www.rolfing-cr.de\/uber-mich\/\">Christopher Raabe<\/a> (Rolfing) <\/p>\n\n\n\n<p><a href=\"https:\/\/www.spanische-ballettschule.de \">Spanische-Ballettschule<\/a> (Ballett)<\/p>\n\n\n\n<p><a href=\"https:\/\/www.bastelkiosk.de\" target=\"_blank\" rel=\"noreferrer noopener\">Bastelkiosk<\/a> (Kreatives und Basteln)<\/p>\n\n\n\n<p><a href=\"https:\/\/quelle-der-mitte.de\/index.php?MenuItem=Team\">Quelle der Mitte Roland Meyer<\/a> (Massage)<\/p>\n\n\n\n<p><a href=\"https:\/\/www.wortschleife.de\">Wortschleife<\/a> (\u00dcbersetzungen)<\/p>\n\n\n\n<p><a href=\"https:\/\/www.theta-insel.de\">Theta-Insel<\/a> (Thetahealing)<\/p>\n\n\n\n<p><a href=\"https:\/\/www.buddhabuddiesyoga.com\">buddha.buddies.yoga (Kinderyoga<\/a>)<\/p>\n\n\n\n<p><a href=\"https:\/\/www.yoga-ingrid-karuna.de\/yogaurlaub\/\">Yoga Ingrid Karuna<\/a> (Yoga, Meditationskissen)<\/p>\n\n\n\n<p><a href=\"http:\/\/glore-augsburg.de\">Glore<\/a> (nachhaltige Yogabekleidung)<\/p>\n\n\n\n<p><\/p>\n\n\n\n<p><\/p>\n","protected":false},"excerpt":{"rendered":"<p>Die Buchtitel wurden rein zur Information mit www.amazon.de verlinkt. Wir empfehlen den lokalen Buchhandel zu unterst\u00fctzen. YOGA Ulrich Ott: Yoga f\u00fcr Skeptiker Dalmann\/Soder: Warum Yoga: \u00dcber Praxis, Konzepte und Hintergr\u00fcnde Anna Tr\u00f6kes: Der kleine Alltags-Yogi Desikachar:&nbsp;Yoga &#8211; Tradition und Erfahrung R. Sriram: Das Yogasutra Eckard Wolz-Gottwald: Die Yoga-Sutras im Alltag leben Eckard Wolz-Gottwald: Yoga Philosophie [&hellip;]<\/p>\n","protected":false},"author":1,"featured_media":0,"parent":0,"menu_order":0,"comment_status":"closed","ping_status":"closed","template":"","meta":{"footnotes":""},"class_list":["post-4977","page","type-page","status-publish","hentry"],"yoast_head":"<!-- This site is optimized with the Yoast SEO plugin v27.5 - https:\/\/yoast.com\/product\/yoast-seo-wordpress\/ -->\n<title>Tipps und Links - Yoga im Hof - seit 2005 in Augsburg<\/title>\n<meta name=\"robots\" content=\"index, follow, max-snippet:-1, max-image-preview:large, max-video-preview:-1\" \/>\n<link rel=\"canonical\" href=\"https:\/\/www.yogaimhof.de\/?page_id=4977\" \/>\n<meta property=\"og:locale\" content=\"de_DE\" \/>\n<meta property=\"og:type\" content=\"article\" \/>\n<meta property=\"og:title\" content=\"Tipps und Links - Yoga im Hof - seit 2005 in Augsburg\" \/>\n<meta property=\"og:description\" content=\"Die Buchtitel wurden rein zur Information mit www.amazon.de verlinkt. Wir empfehlen den lokalen Buchhandel zu unterst\u00fctzen. YOGA Ulrich Ott: Yoga f\u00fcr Skeptiker Dalmann\/Soder: Warum Yoga: \u00dcber Praxis, Konzepte und Hintergr\u00fcnde Anna Tr\u00f6kes: Der kleine Alltags-Yogi Desikachar:&nbsp;Yoga &#8211; Tradition und Erfahrung R. Sriram: Das Yogasutra Eckard Wolz-Gottwald: Die Yoga-Sutras im Alltag leben Eckard Wolz-Gottwald: Yoga Philosophie [&hellip;]\" \/>\n<meta property=\"og:url\" content=\"https:\/\/www.yogaimhof.de\/?page_id=4977\" \/>\n<meta property=\"og:site_name\" content=\"Yoga im Hof - seit 2005 in Augsburg\" \/>\n<meta property=\"article:publisher\" content=\"https:\/\/www.facebook.com\/profile.php?id=100063689761446\" \/>\n<meta property=\"article:modified_time\" content=\"2025-07-28T06:13:33+00:00\" \/>\n<meta name=\"twitter:card\" content=\"summary_large_image\" \/>\n<meta name=\"twitter:label1\" content=\"Gesch\u00e4tzte Lesezeit\" \/>\n\t<meta name=\"twitter:data1\" content=\"2\u00a0Minuten\" \/>\n<script type=\"application\/ld+json\" class=\"yoast-schema-graph\">{\"@context\":\"https:\\\/\\\/schema.org\",\"@graph\":[{\"@type\":\"WebPage\",\"@id\":\"https:\\\/\\\/www.yogaimhof.de\\\/?page_id=4977\",\"url\":\"https:\\\/\\\/www.yogaimhof.de\\\/?page_id=4977\",\"name\":\"Tipps und Links - Yoga im Hof - seit 2005 in Augsburg\",\"isPartOf\":{\"@id\":\"https:\\\/\\\/www.yogaimhof.de\\\/#website\"},\"datePublished\":\"2023-10-10T18:11:23+00:00\",\"dateModified\":\"2025-07-28T06:13:33+00:00\",\"breadcrumb\":{\"@id\":\"https:\\\/\\\/www.yogaimhof.de\\\/?page_id=4977#breadcrumb\"},\"inLanguage\":\"de\",\"potentialAction\":[{\"@type\":\"ReadAction\",\"target\":[\"https:\\\/\\\/www.yogaimhof.de\\\/?page_id=4977\"]}]},{\"@type\":\"BreadcrumbList\",\"@id\":\"https:\\\/\\\/www.yogaimhof.de\\\/?page_id=4977#breadcrumb\",\"itemListElement\":[{\"@type\":\"ListItem\",\"position\":1,\"name\":\"Startseite\",\"item\":\"https:\\\/\\\/www.yogaimhof.de\\\/\"},{\"@type\":\"ListItem\",\"position\":2,\"name\":\"Tipps und Links\"}]},{\"@type\":\"WebSite\",\"@id\":\"https:\\\/\\\/www.yogaimhof.de\\\/#website\",\"url\":\"https:\\\/\\\/www.yogaimhof.de\\\/\",\"name\":\"Yoga im Hof - seit 2005 in Augsburg\",\"description\":\"Zeit f\u00fcr Yoga... Zeit f\u00fcr Dich.\",\"publisher\":{\"@id\":\"https:\\\/\\\/www.yogaimhof.de\\\/#organization\"},\"potentialAction\":[{\"@type\":\"SearchAction\",\"target\":{\"@type\":\"EntryPoint\",\"urlTemplate\":\"https:\\\/\\\/www.yogaimhof.de\\\/?s={search_term_string}\"},\"query-input\":{\"@type\":\"PropertyValueSpecification\",\"valueRequired\":true,\"valueName\":\"search_term_string\"}}],\"inLanguage\":\"de\"},{\"@type\":\"Organization\",\"@id\":\"https:\\\/\\\/www.yogaimhof.de\\\/#organization\",\"name\":\"Yoga im Hof - seit 2005 in Augsburg\",\"url\":\"https:\\\/\\\/www.yogaimhof.de\\\/\",\"logo\":{\"@type\":\"ImageObject\",\"inLanguage\":\"de\",\"@id\":\"https:\\\/\\\/www.yogaimhof.de\\\/#\\\/schema\\\/logo\\\/image\\\/\",\"url\":\"https:\\\/\\\/www.yogaimhof.de\\\/wp-content\\\/uploads\\\/2018\\\/05\\\/Logo-YIH.png\",\"contentUrl\":\"https:\\\/\\\/www.yogaimhof.de\\\/wp-content\\\/uploads\\\/2018\\\/05\\\/Logo-YIH.png\",\"width\":200,\"height\":198,\"caption\":\"Yoga im Hof - seit 2005 in Augsburg\"},\"image\":{\"@id\":\"https:\\\/\\\/www.yogaimhof.de\\\/#\\\/schema\\\/logo\\\/image\\\/\"},\"sameAs\":[\"https:\\\/\\\/www.facebook.com\\\/profile.php?id=100063689761446\"]}]}<\/script>\n<!-- \/ Yoast SEO plugin. -->","yoast_head_json":{"title":"Tipps und Links - Yoga im Hof - seit 2005 in Augsburg","robots":{"index":"index","follow":"follow","max-snippet":"max-snippet:-1","max-image-preview":"max-image-preview:large","max-video-preview":"max-video-preview:-1"},"canonical":"https:\/\/www.yogaimhof.de\/?page_id=4977","og_locale":"de_DE","og_type":"article","og_title":"Tipps und Links - Yoga im Hof - seit 2005 in Augsburg","og_description":"Die Buchtitel wurden rein zur Information mit www.amazon.de verlinkt. Wir empfehlen den lokalen Buchhandel zu unterst\u00fctzen. YOGA Ulrich Ott: Yoga f\u00fcr Skeptiker Dalmann\/Soder: Warum Yoga: \u00dcber Praxis, Konzepte und Hintergr\u00fcnde Anna Tr\u00f6kes: Der kleine Alltags-Yogi Desikachar:&nbsp;Yoga &#8211; Tradition und Erfahrung R. Sriram: Das Yogasutra Eckard Wolz-Gottwald: Die Yoga-Sutras im Alltag leben Eckard Wolz-Gottwald: Yoga Philosophie [&hellip;]","og_url":"https:\/\/www.yogaimhof.de\/?page_id=4977","og_site_name":"Yoga im Hof - seit 2005 in Augsburg","article_publisher":"https:\/\/www.facebook.com\/profile.php?id=100063689761446","article_modified_time":"2025-07-28T06:13:33+00:00","twitter_card":"summary_large_image","twitter_misc":{"Gesch\u00e4tzte Lesezeit":"2\u00a0Minuten"},"schema":{"@context":"https:\/\/schema.org","@graph":[{"@type":"WebPage","@id":"https:\/\/www.yogaimhof.de\/?page_id=4977","url":"https:\/\/www.yogaimhof.de\/?page_id=4977","name":"Tipps und Links - Yoga im Hof - seit 2005 in Augsburg","isPartOf":{"@id":"https:\/\/www.yogaimhof.de\/#website"},"datePublished":"2023-10-10T18:11:23+00:00","dateModified":"2025-07-28T06:13:33+00:00","breadcrumb":{"@id":"https:\/\/www.yogaimhof.de\/?page_id=4977#breadcrumb"},"inLanguage":"de","potentialAction":[{"@type":"ReadAction","target":["https:\/\/www.yogaimhof.de\/?page_id=4977"]}]},{"@type":"BreadcrumbList","@id":"https:\/\/www.yogaimhof.de\/?page_id=4977#breadcrumb","itemListElement":[{"@type":"ListItem","position":1,"name":"Startseite","item":"https:\/\/www.yogaimhof.de\/"},{"@type":"ListItem","position":2,"name":"Tipps und Links"}]},{"@type":"WebSite","@id":"https:\/\/www.yogaimhof.de\/#website","url":"https:\/\/www.yogaimhof.de\/","name":"Yoga im Hof - seit 2005 in Augsburg","description":"Zeit f\u00fcr Yoga... Zeit f\u00fcr Dich.","publisher":{"@id":"https:\/\/www.yogaimhof.de\/#organization"},"potentialAction":[{"@type":"SearchAction","target":{"@type":"EntryPoint","urlTemplate":"https:\/\/www.yogaimhof.de\/?s={search_term_string}"},"query-input":{"@type":"PropertyValueSpecification","valueRequired":true,"valueName":"search_term_string"}}],"inLanguage":"de"},{"@type":"Organization","@id":"https:\/\/www.yogaimhof.de\/#organization","name":"Yoga im Hof - seit 2005 in Augsburg","url":"https:\/\/www.yogaimhof.de\/","logo":{"@type":"ImageObject","inLanguage":"de","@id":"https:\/\/www.yogaimhof.de\/#\/schema\/logo\/image\/","url":"https:\/\/www.yogaimhof.de\/wp-content\/uploads\/2018\/05\/Logo-YIH.png","contentUrl":"https:\/\/www.yogaimhof.de\/wp-content\/uploads\/2018\/05\/Logo-YIH.png","width":200,"height":198,"caption":"Yoga im Hof - seit 2005 in Augsburg"},"image":{"@id":"https:\/\/www.yogaimhof.de\/#\/schema\/logo\/image\/"},"sameAs":["https:\/\/www.facebook.com\/profile.php?id=100063689761446"]}]}},"_links":{"self":[{"href":"https:\/\/www.yogaimhof.de\/index.php?rest_route=\/wp\/v2\/pages\/4977","targetHints":{"allow":["GET"]}}],"collection":[{"href":"https:\/\/www.yogaimhof.de\/index.php?rest_route=\/wp\/v2\/pages"}],"about":[{"href":"https:\/\/www.yogaimhof.de\/index.php?rest_route=\/wp\/v2\/types\/page"}],"author":[{"embeddable":true,"href":"https:\/\/www.yogaimhof.de\/index.php?rest_route=\/wp\/v2\/users\/1"}],"replies":[{"embeddable":true,"href":"https:\/\/www.yogaimhof.de\/index.php?rest_route=%2Fwp%2Fv2%2Fcomments&post=4977"}],"version-history":[{"count":41,"href":"https:\/\/www.yogaimhof.de\/index.php?rest_route=\/wp\/v2\/pages\/4977\/revisions"}],"predecessor-version":[{"id":7282,"href":"https:\/\/www.yogaimhof.de\/index.php?rest_route=\/wp\/v2\/pages\/4977\/revisions\/7282"}],"wp:attachment":[{"href":"https:\/\/www.yogaimhof.de\/index.php?rest_route=%2Fwp%2Fv2%2Fmedia&parent=4977"}],"curies":[{"name":"wp","href":"https:\/\/api.w.org\/{rel}","templated":true}]}}