{"id":4923,"date":"2023-03-13T10:31:15","date_gmt":"2023-03-13T09:31:15","guid":{"rendered":"https:\/\/www.yogaimhof.de\/?page_id=4923"},"modified":"2026-04-16T08:19:09","modified_gmt":"2026-04-16T07:19:09","slug":"praeventionskurse","status":"publish","type":"page","link":"https:\/\/www.yogaimhof.de\/?page_id=4923","title":{"rendered":"Pr\u00e4ventionskurse\u00a0"},"content":{"rendered":"\n<p>Wir sind eine qualit\u00e4tsgepr\u00fcfte Yogaschule in Augsburg und bieten in regelm\u00e4\u00dfigen Abst\u00e4nden Pr\u00e4ventionskurse an. Diese werden von allen gesetzlichen Krankenkassen gef\u00f6rdert und bezuschusst.&nbsp;<\/p>\n\n\n\n<figure class=\"wp-block-image aligncenter size-full\"><img loading=\"lazy\" decoding=\"async\" width=\"259\" height=\"241\" src=\"https:\/\/www.yogaimhof.de\/wp-content\/uploads\/2023\/03\/Bildschirmfoto-2023-03-13-um-10.27.47.png\" alt=\"\" class=\"wp-image-4924\"\/><\/figure>\n\n\n\n<p><strong>N\u00e4chste Kurstermine:&nbsp;<\/strong><\/p>\n\n\n<ul class=\"wp-block-latest-posts__list is-grid columns-3 wp-block-latest-posts\"><li><a class=\"wp-block-latest-posts__post-title\" href=\"https:\/\/www.yogaimhof.de\/?p=7801\">Mit Yoga in die neue Woche Pr\u00e4ventionskurs mit Eva ab Sonntag 11.1.26<\/a><\/li>\n<li><a class=\"wp-block-latest-posts__post-title\" href=\"https:\/\/www.yogaimhof.de\/?p=7752\">Hatha Yoga Pr\u00e4ventionskurs mit Gabi, ab Donnerstag 15.1.26<\/a><\/li>\n<li><a class=\"wp-block-latest-posts__post-title\" href=\"https:\/\/www.yogaimhof.de\/?p=7369\">Hatha Yoga Pr\u00e4ventionskurs mit Gabi ab Donnerstag 23.10.25<\/a><\/li>\n<li><a class=\"wp-block-latest-posts__post-title\" href=\"https:\/\/www.yogaimhof.de\/?p=7140\">After Work Yoga Pr\u00e4ventionskurs mit Eva ab Montag 22.9.25<\/a><\/li>\n<li><a class=\"wp-block-latest-posts__post-title\" href=\"https:\/\/www.yogaimhof.de\/?p=7054\">After Work meets Chakra Yoga Pr\u00e4ventionskurs mit Eva ab 5.5.25<\/a><\/li>\n<\/ul>\n\n\n<p>Nach Anmeldung zum Kurs bezahlst Du die Kurskosten vor Beginn des Kurses. Nach regelm\u00e4\u00dfiger Teilnahme an mindestens 80 % der Kurstermine (7 von 8 Kursstunden, bzw. 8 von 10 Kursstunden) erh\u00e4ltst Du eine Best\u00e4tigung, welche Du bei Deiner Krankenkasse einreichen kannst.&nbsp;<\/p>\n\n\n\n<p>Die gesetzlichen Krankenkassen erstatten in der Regel 2 x pro Jahr (manchmal auch \u00f6fter) einen Yogakurs ganz oder anteilig. Erkundige Dich am besten bei Deiner Krankenkasse.&nbsp;<\/p>\n\n\n\n<p>Desweiteren k\u00f6nnen die folgende <strong>offenen Stunden auch als Pr\u00e4ventionskurs besucht und best\u00e4tigt werden<\/strong>:<\/p>\n\n\n\n<p>Mo,18:00 Uhr,Yoga I\/II mit Lena&nbsp;<\/p>\n\n\n\n<p>Di,18:00&nbsp;Uhr,Yoga I\/II mit Andrea<\/p>\n\n\n\n<p>Mi,10:15 Uhr,Yoga Sanft mit Gabi<\/p>\n\n\n\n<p>Mi,18:00 Uhr,Yoga Basic\/I mit Gabi<\/p>\n\n\n\n<p>Fr, 9:00 Uhr,Yoga I\/II&nbsp;mit Andrea<\/p>\n\n\n\n<p>Fr,18:00 Uhr,Yoga Flow mit Andrea<\/p>\n\n\n\n<p>So,10:00 Uhr,Yoga II mit Andrea<\/p>\n\n\n\n<p><strong>Kurs-Termin 1. Quartal 2026: 1.1.-31.3.2026 <\/strong><\/p>\n\n\n\n<p><strong>Kurs-Termin 2. Quartal 2026: 1.4.-30.6.2026<\/strong><\/p>\n\n\n\n<p><strong>Kurs-Termin 3. Quartal 2026: 1.7.-30.9.2026<\/strong><\/p>\n\n\n\n<p><strong>Kurs-Termin 4. Quartal 2026: 1.10.-31.12.2026<\/strong><\/p>\n\n\n\n<p><strong>Im genannten Zeitrahmen<\/strong> musst Du daf\u00fcr an <strong>mindestens 8 von 10 Stunden <\/strong>teilgenommen haben. Du kannst zwischen o.g. Stunden auch wechseln. <\/p>\n\n\n\n<p><strong>Kurskosten<\/strong> 10er Karte\/3 Monate g\u00fcltig: 160 EUR<\/p>\n\n\n\n<div class=\"wp-block-group has-global-padding is-layout-constrained wp-block-group-is-layout-constrained\">\n<figure class=\"wp-block-gallery has-nested-images columns-default is-cropped wp-block-gallery-1 is-layout-flex wp-block-gallery-is-layout-flex\">\n<figure class=\"wp-block-image size-full\"><img loading=\"lazy\" decoding=\"async\" width=\"595\" height=\"842\" data-id=\"6851\" src=\"https:\/\/www.yogaimhof.de\/wp-content\/uploads\/2025\/02\/zertifikat_KU-ST-TBUHY6.jpg\" alt=\"\" class=\"wp-image-6851\" srcset=\"https:\/\/www.yogaimhof.de\/wp-content\/uploads\/2025\/02\/zertifikat_KU-ST-TBUHY6.jpg 595w, https:\/\/www.yogaimhof.de\/wp-content\/uploads\/2025\/02\/zertifikat_KU-ST-TBUHY6-212x300.jpg 212w\" sizes=\"auto, (max-width: 595px) 100vw, 595px\" \/><\/figure>\n\n\n\n<figure class=\"wp-block-image size-large\"><img loading=\"lazy\" decoding=\"async\" width=\"728\" height=\"1024\" data-id=\"4107\" src=\"https:\/\/www.yogaimhof.de\/wp-content\/uploads\/2020\/02\/KV-Zertifizierung-Urkunde-April-2019-728x1024.jpg\" alt=\"\" class=\"wp-image-4107\" srcset=\"https:\/\/www.yogaimhof.de\/wp-content\/uploads\/2020\/02\/KV-Zertifizierung-Urkunde-April-2019-728x1024.jpg 728w, https:\/\/www.yogaimhof.de\/wp-content\/uploads\/2020\/02\/KV-Zertifizierung-Urkunde-April-2019-213x300.jpg 213w, https:\/\/www.yogaimhof.de\/wp-content\/uploads\/2020\/02\/KV-Zertifizierung-Urkunde-April-2019-768x1080.jpg 768w, https:\/\/www.yogaimhof.de\/wp-content\/uploads\/2020\/02\/KV-Zertifizierung-Urkunde-April-2019.jpg 800w\" sizes=\"auto, (max-width: 728px) 100vw, 728px\" \/><\/figure>\n\n\n\n<figure class=\"wp-block-image size-large\"><img loading=\"lazy\" decoding=\"async\" width=\"728\" height=\"1024\" data-id=\"4084\" src=\"https:\/\/www.yogaimhof.de\/wp-content\/uploads\/2020\/02\/Kroll-Krankenkassenzertifizierung-bis-2023-728x1024.jpg\" alt=\"\" class=\"wp-image-4084\" srcset=\"https:\/\/www.yogaimhof.de\/wp-content\/uploads\/2020\/02\/Kroll-Krankenkassenzertifizierung-bis-2023-728x1024.jpg 728w, https:\/\/www.yogaimhof.de\/wp-content\/uploads\/2020\/02\/Kroll-Krankenkassenzertifizierung-bis-2023-213x300.jpg 213w, https:\/\/www.yogaimhof.de\/wp-content\/uploads\/2020\/02\/Kroll-Krankenkassenzertifizierung-bis-2023-768x1080.jpg 768w, https:\/\/www.yogaimhof.de\/wp-content\/uploads\/2020\/02\/Kroll-Krankenkassenzertifizierung-bis-2023.jpg 800w\" sizes=\"auto, (max-width: 728px) 100vw, 728px\" \/><\/figure>\n\n\n\n<figure class=\"wp-block-image size-full\"><img loading=\"lazy\" decoding=\"async\" width=\"595\" height=\"842\" data-id=\"7882\" src=\"https:\/\/www.yogaimhof.de\/wp-content\/uploads\/2026\/01\/zertifikat_KU-ST-WGTEYS-3.png\" alt=\"\" class=\"wp-image-7882\" srcset=\"https:\/\/www.yogaimhof.de\/wp-content\/uploads\/2026\/01\/zertifikat_KU-ST-WGTEYS-3.png 595w, https:\/\/www.yogaimhof.de\/wp-content\/uploads\/2026\/01\/zertifikat_KU-ST-WGTEYS-3-212x300.png 212w\" sizes=\"auto, (max-width: 595px) 100vw, 595px\" \/><\/figure>\n<\/figure>\n<\/div>\n\n\n\n<p><\/p>\n","protected":false},"excerpt":{"rendered":"<p>Wir sind eine qualit\u00e4tsgepr\u00fcfte Yogaschule in Augsburg und bieten in regelm\u00e4\u00dfigen Abst\u00e4nden Pr\u00e4ventionskurse an. Diese werden von allen gesetzlichen Krankenkassen gef\u00f6rdert und bezuschusst.&nbsp; N\u00e4chste Kurstermine:&nbsp; Nach Anmeldung zum Kurs bezahlst Du die Kurskosten vor Beginn des Kurses. Nach regelm\u00e4\u00dfiger Teilnahme an mindestens 80 % der Kurstermine (7 von 8 Kursstunden, bzw. 8 von 10 Kursstunden) [&hellip;]<\/p>\n","protected":false},"author":1,"featured_media":0,"parent":0,"menu_order":0,"comment_status":"closed","ping_status":"closed","template":"","meta":{"footnotes":""},"class_list":["post-4923","page","type-page","status-publish","hentry"],"yoast_head":"<!-- This site is optimized with the Yoast SEO plugin v27.5 - https:\/\/yoast.com\/product\/yoast-seo-wordpress\/ -->\n<title>Pr\u00e4ventionskurse\u00a0 - Yoga im Hof - seit 2005 in Augsburg<\/title>\n<meta name=\"robots\" content=\"index, follow, max-snippet:-1, max-image-preview:large, max-video-preview:-1\" \/>\n<link rel=\"canonical\" href=\"https:\/\/www.yogaimhof.de\/?page_id=4923\" \/>\n<meta property=\"og:locale\" content=\"de_DE\" \/>\n<meta property=\"og:type\" content=\"article\" \/>\n<meta property=\"og:title\" content=\"Pr\u00e4ventionskurse\u00a0 - Yoga im Hof - seit 2005 in Augsburg\" \/>\n<meta property=\"og:description\" content=\"Wir sind eine qualit\u00e4tsgepr\u00fcfte Yogaschule in Augsburg und bieten in regelm\u00e4\u00dfigen Abst\u00e4nden Pr\u00e4ventionskurse an. Diese werden von allen gesetzlichen Krankenkassen gef\u00f6rdert und bezuschusst.&nbsp; N\u00e4chste Kurstermine:&nbsp; Nach Anmeldung zum Kurs bezahlst Du die Kurskosten vor Beginn des Kurses. Nach regelm\u00e4\u00dfiger Teilnahme an mindestens 80 % der Kurstermine (7 von 8 Kursstunden, bzw. 8 von 10 Kursstunden) [&hellip;]\" \/>\n<meta property=\"og:url\" content=\"https:\/\/www.yogaimhof.de\/?page_id=4923\" \/>\n<meta property=\"og:site_name\" content=\"Yoga im Hof - seit 2005 in Augsburg\" \/>\n<meta property=\"article:publisher\" content=\"https:\/\/www.facebook.com\/profile.php?id=100063689761446\" \/>\n<meta property=\"article:modified_time\" content=\"2026-04-16T07:19:09+00:00\" \/>\n<meta property=\"og:image\" content=\"https:\/\/www.yogaimhof.de\/wp-content\/uploads\/2023\/03\/Bildschirmfoto-2023-03-13-um-10.27.47.png\" \/>\n\t<meta property=\"og:image:width\" content=\"259\" \/>\n\t<meta property=\"og:image:height\" content=\"241\" \/>\n\t<meta property=\"og:image:type\" content=\"image\/png\" \/>\n<meta name=\"twitter:card\" content=\"summary_large_image\" \/>\n<meta name=\"twitter:label1\" content=\"Gesch\u00e4tzte Lesezeit\" \/>\n\t<meta name=\"twitter:data1\" content=\"3\u00a0Minuten\" \/>\n<script type=\"application\/ld+json\" class=\"yoast-schema-graph\">{\"@context\":\"https:\\\/\\\/schema.org\",\"@graph\":[{\"@type\":\"WebPage\",\"@id\":\"https:\\\/\\\/www.yogaimhof.de\\\/?page_id=4923\",\"url\":\"https:\\\/\\\/www.yogaimhof.de\\\/?page_id=4923\",\"name\":\"Pr\u00e4ventionskurse\u00a0 - Yoga im Hof - seit 2005 in Augsburg\",\"isPartOf\":{\"@id\":\"https:\\\/\\\/www.yogaimhof.de\\\/#website\"},\"primaryImageOfPage\":{\"@id\":\"https:\\\/\\\/www.yogaimhof.de\\\/?page_id=4923#primaryimage\"},\"image\":{\"@id\":\"https:\\\/\\\/www.yogaimhof.de\\\/?page_id=4923#primaryimage\"},\"thumbnailUrl\":\"https:\\\/\\\/www.yogaimhof.de\\\/wp-content\\\/uploads\\\/2023\\\/03\\\/Bildschirmfoto-2023-03-13-um-10.27.47.png\",\"datePublished\":\"2023-03-13T09:31:15+00:00\",\"dateModified\":\"2026-04-16T07:19:09+00:00\",\"breadcrumb\":{\"@id\":\"https:\\\/\\\/www.yogaimhof.de\\\/?page_id=4923#breadcrumb\"},\"inLanguage\":\"de\",\"potentialAction\":[{\"@type\":\"ReadAction\",\"target\":[\"https:\\\/\\\/www.yogaimhof.de\\\/?page_id=4923\"]}]},{\"@type\":\"ImageObject\",\"inLanguage\":\"de\",\"@id\":\"https:\\\/\\\/www.yogaimhof.de\\\/?page_id=4923#primaryimage\",\"url\":\"https:\\\/\\\/www.yogaimhof.de\\\/wp-content\\\/uploads\\\/2023\\\/03\\\/Bildschirmfoto-2023-03-13-um-10.27.47.png\",\"contentUrl\":\"https:\\\/\\\/www.yogaimhof.de\\\/wp-content\\\/uploads\\\/2023\\\/03\\\/Bildschirmfoto-2023-03-13-um-10.27.47.png\",\"width\":259,\"height\":241},{\"@type\":\"BreadcrumbList\",\"@id\":\"https:\\\/\\\/www.yogaimhof.de\\\/?page_id=4923#breadcrumb\",\"itemListElement\":[{\"@type\":\"ListItem\",\"position\":1,\"name\":\"Startseite\",\"item\":\"https:\\\/\\\/www.yogaimhof.de\\\/\"},{\"@type\":\"ListItem\",\"position\":2,\"name\":\"Pr\u00e4ventionskurse\u00a0\"}]},{\"@type\":\"WebSite\",\"@id\":\"https:\\\/\\\/www.yogaimhof.de\\\/#website\",\"url\":\"https:\\\/\\\/www.yogaimhof.de\\\/\",\"name\":\"Yoga im Hof - seit 2005 in Augsburg\",\"description\":\"Zeit f\u00fcr Yoga... Zeit f\u00fcr Dich.\",\"publisher\":{\"@id\":\"https:\\\/\\\/www.yogaimhof.de\\\/#organization\"},\"potentialAction\":[{\"@type\":\"SearchAction\",\"target\":{\"@type\":\"EntryPoint\",\"urlTemplate\":\"https:\\\/\\\/www.yogaimhof.de\\\/?s={search_term_string}\"},\"query-input\":{\"@type\":\"PropertyValueSpecification\",\"valueRequired\":true,\"valueName\":\"search_term_string\"}}],\"inLanguage\":\"de\"},{\"@type\":\"Organization\",\"@id\":\"https:\\\/\\\/www.yogaimhof.de\\\/#organization\",\"name\":\"Yoga im Hof - seit 2005 in Augsburg\",\"url\":\"https:\\\/\\\/www.yogaimhof.de\\\/\",\"logo\":{\"@type\":\"ImageObject\",\"inLanguage\":\"de\",\"@id\":\"https:\\\/\\\/www.yogaimhof.de\\\/#\\\/schema\\\/logo\\\/image\\\/\",\"url\":\"https:\\\/\\\/www.yogaimhof.de\\\/wp-content\\\/uploads\\\/2018\\\/05\\\/Logo-YIH.png\",\"contentUrl\":\"https:\\\/\\\/www.yogaimhof.de\\\/wp-content\\\/uploads\\\/2018\\\/05\\\/Logo-YIH.png\",\"width\":200,\"height\":198,\"caption\":\"Yoga im Hof - seit 2005 in Augsburg\"},\"image\":{\"@id\":\"https:\\\/\\\/www.yogaimhof.de\\\/#\\\/schema\\\/logo\\\/image\\\/\"},\"sameAs\":[\"https:\\\/\\\/www.facebook.com\\\/profile.php?id=100063689761446\"]}]}<\/script>\n<!-- \/ Yoast SEO plugin. -->","yoast_head_json":{"title":"Pr\u00e4ventionskurse\u00a0 - Yoga im Hof - seit 2005 in Augsburg","robots":{"index":"index","follow":"follow","max-snippet":"max-snippet:-1","max-image-preview":"max-image-preview:large","max-video-preview":"max-video-preview:-1"},"canonical":"https:\/\/www.yogaimhof.de\/?page_id=4923","og_locale":"de_DE","og_type":"article","og_title":"Pr\u00e4ventionskurse\u00a0 - Yoga im Hof - seit 2005 in Augsburg","og_description":"Wir sind eine qualit\u00e4tsgepr\u00fcfte Yogaschule in Augsburg und bieten in regelm\u00e4\u00dfigen Abst\u00e4nden Pr\u00e4ventionskurse an. Diese werden von allen gesetzlichen Krankenkassen gef\u00f6rdert und bezuschusst.&nbsp; N\u00e4chste Kurstermine:&nbsp; Nach Anmeldung zum Kurs bezahlst Du die Kurskosten vor Beginn des Kurses. Nach regelm\u00e4\u00dfiger Teilnahme an mindestens 80 % der Kurstermine (7 von 8 Kursstunden, bzw. 8 von 10 Kursstunden) [&hellip;]","og_url":"https:\/\/www.yogaimhof.de\/?page_id=4923","og_site_name":"Yoga im Hof - seit 2005 in Augsburg","article_publisher":"https:\/\/www.facebook.com\/profile.php?id=100063689761446","article_modified_time":"2026-04-16T07:19:09+00:00","og_image":[{"width":259,"height":241,"url":"https:\/\/www.yogaimhof.de\/wp-content\/uploads\/2023\/03\/Bildschirmfoto-2023-03-13-um-10.27.47.png","type":"image\/png"}],"twitter_card":"summary_large_image","twitter_misc":{"Gesch\u00e4tzte Lesezeit":"3\u00a0Minuten"},"schema":{"@context":"https:\/\/schema.org","@graph":[{"@type":"WebPage","@id":"https:\/\/www.yogaimhof.de\/?page_id=4923","url":"https:\/\/www.yogaimhof.de\/?page_id=4923","name":"Pr\u00e4ventionskurse\u00a0 - Yoga im Hof - seit 2005 in Augsburg","isPartOf":{"@id":"https:\/\/www.yogaimhof.de\/#website"},"primaryImageOfPage":{"@id":"https:\/\/www.yogaimhof.de\/?page_id=4923#primaryimage"},"image":{"@id":"https:\/\/www.yogaimhof.de\/?page_id=4923#primaryimage"},"thumbnailUrl":"https:\/\/www.yogaimhof.de\/wp-content\/uploads\/2023\/03\/Bildschirmfoto-2023-03-13-um-10.27.47.png","datePublished":"2023-03-13T09:31:15+00:00","dateModified":"2026-04-16T07:19:09+00:00","breadcrumb":{"@id":"https:\/\/www.yogaimhof.de\/?page_id=4923#breadcrumb"},"inLanguage":"de","potentialAction":[{"@type":"ReadAction","target":["https:\/\/www.yogaimhof.de\/?page_id=4923"]}]},{"@type":"ImageObject","inLanguage":"de","@id":"https:\/\/www.yogaimhof.de\/?page_id=4923#primaryimage","url":"https:\/\/www.yogaimhof.de\/wp-content\/uploads\/2023\/03\/Bildschirmfoto-2023-03-13-um-10.27.47.png","contentUrl":"https:\/\/www.yogaimhof.de\/wp-content\/uploads\/2023\/03\/Bildschirmfoto-2023-03-13-um-10.27.47.png","width":259,"height":241},{"@type":"BreadcrumbList","@id":"https:\/\/www.yogaimhof.de\/?page_id=4923#breadcrumb","itemListElement":[{"@type":"ListItem","position":1,"name":"Startseite","item":"https:\/\/www.yogaimhof.de\/"},{"@type":"ListItem","position":2,"name":"Pr\u00e4ventionskurse\u00a0"}]},{"@type":"WebSite","@id":"https:\/\/www.yogaimhof.de\/#website","url":"https:\/\/www.yogaimhof.de\/","name":"Yoga im Hof - seit 2005 in Augsburg","description":"Zeit f\u00fcr Yoga... Zeit f\u00fcr Dich.","publisher":{"@id":"https:\/\/www.yogaimhof.de\/#organization"},"potentialAction":[{"@type":"SearchAction","target":{"@type":"EntryPoint","urlTemplate":"https:\/\/www.yogaimhof.de\/?s={search_term_string}"},"query-input":{"@type":"PropertyValueSpecification","valueRequired":true,"valueName":"search_term_string"}}],"inLanguage":"de"},{"@type":"Organization","@id":"https:\/\/www.yogaimhof.de\/#organization","name":"Yoga im Hof - seit 2005 in Augsburg","url":"https:\/\/www.yogaimhof.de\/","logo":{"@type":"ImageObject","inLanguage":"de","@id":"https:\/\/www.yogaimhof.de\/#\/schema\/logo\/image\/","url":"https:\/\/www.yogaimhof.de\/wp-content\/uploads\/2018\/05\/Logo-YIH.png","contentUrl":"https:\/\/www.yogaimhof.de\/wp-content\/uploads\/2018\/05\/Logo-YIH.png","width":200,"height":198,"caption":"Yoga im Hof - seit 2005 in Augsburg"},"image":{"@id":"https:\/\/www.yogaimhof.de\/#\/schema\/logo\/image\/"},"sameAs":["https:\/\/www.facebook.com\/profile.php?id=100063689761446"]}]}},"_links":{"self":[{"href":"https:\/\/www.yogaimhof.de\/index.php?rest_route=\/wp\/v2\/pages\/4923","targetHints":{"allow":["GET"]}}],"collection":[{"href":"https:\/\/www.yogaimhof.de\/index.php?rest_route=\/wp\/v2\/pages"}],"about":[{"href":"https:\/\/www.yogaimhof.de\/index.php?rest_route=\/wp\/v2\/types\/page"}],"author":[{"embeddable":true,"href":"https:\/\/www.yogaimhof.de\/index.php?rest_route=\/wp\/v2\/users\/1"}],"replies":[{"embeddable":true,"href":"https:\/\/www.yogaimhof.de\/index.php?rest_route=%2Fwp%2Fv2%2Fcomments&post=4923"}],"version-history":[{"count":25,"href":"https:\/\/www.yogaimhof.de\/index.php?rest_route=\/wp\/v2\/pages\/4923\/revisions"}],"predecessor-version":[{"id":8125,"href":"https:\/\/www.yogaimhof.de\/index.php?rest_route=\/wp\/v2\/pages\/4923\/revisions\/8125"}],"wp:attachment":[{"href":"https:\/\/www.yogaimhof.de\/index.php?rest_route=%2Fwp%2Fv2%2Fmedia&parent=4923"}],"curies":[{"name":"wp","href":"https:\/\/api.w.org\/{rel}","templated":true}]}}